{"id":7,"date":"2021-04-15T01:47:57","date_gmt":"2021-04-15T01:47:57","guid":{"rendered":"http:\/\/colegiofemar.cl\/web\/?page_id=7"},"modified":"2026-04-08T19:23:29","modified_gmt":"2026-04-08T19:23:29","slug":"home","status":"publish","type":"page","link":"https:\/\/colegiofemar.cl\/web\/","title":{"rendered":"home"},"content":{"rendered":"<p>\n<div class=\"slider-wrapper relative \" id=\"slider-675186742\" >\n    <div class=\"slider slider-nav-circle slider-nav-large slider-nav-light slider-style-normal slider-show-nav\"\n        data-flickity-options='{\n            \"cellAlign\": \"center\",\n            \"imagesLoaded\": true,\n            \"lazyLoad\": 1,\n            \"freeScroll\": false,\n            \"wrapAround\": true,\n            \"autoPlay\": 6000,\n            \"pauseAutoPlayOnHover\" : true,\n            \"prevNextButtons\": true,\n            \"contain\" : true,\n            \"adaptiveHeight\" : true,\n            \"dragThreshold\" : 5,\n            \"percentPosition\": true,\n            \"pageDots\": true,\n            \"rightToLeft\": false,\n            \"draggable\": true,\n            \"selectedAttraction\": 0.1,\n            \"parallax\" : 0,\n            \"friction\": 0.6        }'\n        >\n        \n\n\n  <div class=\"banner has-hover bg-fade-in has-parallax\" id=\"banner-1976523332\">\n          <div class=\"banner-inner fill\">\n        <div class=\"banner-bg fill\" data-parallax=\"-4\" data-parallax-container=\".banner\" data-parallax-background>\n            <div class=\"bg fill bg-fill \"><\/div>\n                        <div class=\"overlay\"><\/div>            \n                    <\/div><!-- bg-layers -->\n        <div class=\"banner-layers container\">\n            <div class=\"fill banner-link\"><\/div>            \n\n<\/p>\n   <div id=\"text-box-1074194796\" class=\"text-box banner-layer x50 md-x50 lg-x50 y50 md-y50 lg-y50 res-text\">\n                                <div class=\"text dark\">\n              \n              <div class=\"text-inner text-center\">\n                  \n\n<\/p>\n<h2 style=\"text-align: center;\"><strong>Colegio Femenino Madre del Rosario<\/strong><\/h2>\n<p style=\"text-align: center;\"><strong>Congregaci\u00f3n de las Hermanas Misioneras Dominicas del Rosario<\/strong><\/p>\n<p>\n\n              <\/div>\n           <\/div><!-- text-box-inner -->\n                            \n<style scope=\"scope\">\n\n#text-box-1074194796 {\n  width: 98%;\n}\n#text-box-1074194796 .text {\n  font-size: 100%;\n}\n<\/style>\n    <\/div><!-- text-box -->\n \n<p>\n\n        <\/div><!-- .banner-layers -->\n      <\/div><!-- .banner-inner -->\n\n            \n<style scope=\"scope\">\n\n#banner-1976523332 {\n  padding-top: 25%;\n}\n#banner-1976523332 .bg.bg-loaded {\n  background-image: url(https:\/\/colegiofemar.cl\/web\/wp-content\/uploads\/2024\/05\/IMG_4090-1.jpg);\n}\n#banner-1976523332 .overlay {\n  background-color: rgba(13, 72, 149, 0.62);\n}\n#banner-1976523332 .bg {\n  background-position: 62% 60%;\n}\n<\/style>\n  <\/div><!-- .banner -->\n\n\n\n  <div class=\"banner has-hover bg-fade-in has-parallax\" id=\"banner-332244626\">\n          <div class=\"banner-inner fill\">\n        <div class=\"banner-bg fill\" data-parallax=\"-4\" data-parallax-container=\".banner\" data-parallax-background>\n            <div class=\"bg fill bg-fill \"><\/div>\n                        <div class=\"overlay\"><\/div>            \n                    <\/div><!-- bg-layers -->\n        <div class=\"banner-layers container\">\n            <div class=\"fill banner-link\"><\/div>            \n\n<\/p>\n   <div id=\"text-box-1447237371\" class=\"text-box banner-layer x50 md-x50 lg-x50 y50 md-y50 lg-y50 res-text\">\n                                <div class=\"text dark\">\n              \n              <div class=\"text-inner text-center\">\n                  \n\n<\/p>\n<h2 style=\"text-align: center;\"><strong>Colegio Femenino Madre del Rosario<\/strong><\/h2>\n<p style=\"text-align: center;\"><strong>Congregaci\u00f3n de las Hermanas Misioneras Dominicas del Rosario<\/strong><\/p>\n<p>\n\n              <\/div>\n           <\/div><!-- text-box-inner -->\n                            \n<style scope=\"scope\">\n\n#text-box-1447237371 {\n  width: 98%;\n}\n#text-box-1447237371 .text {\n  font-size: 100%;\n}\n<\/style>\n    <\/div><!-- text-box -->\n \n<p>\n\n        <\/div><!-- .banner-layers -->\n      <\/div><!-- .banner-inner -->\n\n            \n<style scope=\"scope\">\n\n#banner-332244626 {\n  padding-top: 25%;\n}\n#banner-332244626 .bg.bg-loaded {\n  background-image: url(https:\/\/colegiofemar.cl\/web\/wp-content\/uploads\/2024\/05\/IMG_4085.jpg);\n}\n#banner-332244626 .overlay {\n  background-color: rgba(13, 72, 149, 0.62);\n}\n#banner-332244626 .bg {\n  background-position: 59% 44%;\n}\n<\/style>\n  <\/div><!-- .banner -->\n\n\n\n  <div class=\"banner has-hover bg-fade-in has-parallax\" id=\"banner-1285182736\">\n          <div class=\"banner-inner fill\">\n        <div class=\"banner-bg fill\" data-parallax=\"-4\" data-parallax-container=\".banner\" data-parallax-background>\n            <div class=\"bg fill bg-fill \"><\/div>\n                        <div class=\"overlay\"><\/div>            \n                    <\/div><!-- bg-layers -->\n        <div class=\"banner-layers container\">\n            <div class=\"fill banner-link\"><\/div>            \n\n<\/p>\n   <div id=\"text-box-1638562907\" class=\"text-box banner-layer x50 md-x50 lg-x50 y50 md-y50 lg-y50 res-text\">\n                                <div class=\"text dark\">\n              \n              <div class=\"text-inner text-center\">\n                  \n\n<\/p>\n<h2 style=\"text-align: center;\"><strong>Colegio Femenino Madre del Rosario<\/strong><\/h2>\n<p style=\"text-align: center;\"><strong>Congregaci\u00f3n de las Hermanas Misioneras Dominicas del Rosario<\/strong><\/p>\n<p>\n\n              <\/div>\n           <\/div><!-- text-box-inner -->\n                            \n<style scope=\"scope\">\n\n#text-box-1638562907 {\n  width: 98%;\n}\n#text-box-1638562907 .text {\n  font-size: 100%;\n}\n<\/style>\n    <\/div><!-- text-box -->\n \n<p>\n\n        <\/div><!-- .banner-layers -->\n      <\/div><!-- .banner-inner -->\n\n            \n<style scope=\"scope\">\n\n#banner-1285182736 {\n  padding-top: 25%;\n}\n#banner-1285182736 .bg.bg-loaded {\n  background-image: url(https:\/\/colegiofemar.cl\/web\/wp-content\/uploads\/2024\/05\/IMG_3971.jpg);\n}\n#banner-1285182736 .overlay {\n  background-color: rgba(13, 72, 149, 0.62);\n}\n#banner-1285182736 .bg {\n  background-position: 62% 60%;\n}\n<\/style>\n  <\/div><!-- .banner -->\n\n\n\n     <\/div>\n\n     <div class=\"loading-spin dark large centered\"><\/div>\n\n     <style scope=\"scope\">\n             <\/style>\n<\/div><!-- .ux-slider-wrapper -->\n\n\n\t<section class=\"section excelency-banner\" id=\"section_1740473554\">\n\t\t<div class=\"bg section-bg fill bg-fill  bg-loaded\" >\n\n\t\t\t\n\t\t\t\n\t\t\t\n\n\t\t<\/div><!-- .section-bg -->\n\n\t\t<div class=\"section-content relative\">\n\t\t\t\n\n\t<div class=\"img has-hover x md-x lg-x y md-y lg-y\" id=\"image_697724042\">\n\t\t\t\t\t\t\t\t<div class=\"img-inner image-cover dark\" style=\"padding-top:357px;\">\n\t\t\t<img width=\"1020\" height=\"574\" src=\"https:\/\/colegiofemar.cl\/web\/wp-content\/uploads\/2026\/03\/Banner-Excelencia-SNED-1024x576.jpg\" class=\"attachment-large size-large\" alt=\"\" decoding=\"async\" loading=\"lazy\" srcset=\"https:\/\/colegiofemar.cl\/web\/wp-content\/uploads\/2026\/03\/Banner-Excelencia-SNED-1024x576.jpg 1024w, https:\/\/colegiofemar.cl\/web\/wp-content\/uploads\/2026\/03\/Banner-Excelencia-SNED-300x169.jpg 300w, https:\/\/colegiofemar.cl\/web\/wp-content\/uploads\/2026\/03\/Banner-Excelencia-SNED-768x432.jpg 768w, https:\/\/colegiofemar.cl\/web\/wp-content\/uploads\/2026\/03\/Banner-Excelencia-SNED-1536x864.jpg 1536w, https:\/\/colegiofemar.cl\/web\/wp-content\/uploads\/2026\/03\/Banner-Excelencia-SNED-2048x1152.jpg 2048w\" sizes=\"(max-width: 1020px) 100vw, 1020px\" \/>\t\t\t\t\t\t\n\t\t\t\t\t<\/div>\n\t\t\t\t\t\t\t\t\n<style scope=\"scope\">\n\n#image_697724042 {\n  width: 100%;\n}\n<\/style>\n\t<\/div>\n\t\n\n\n\t\t<\/div><!-- .section-content -->\n\n\t\t\n<style scope=\"scope\">\n\n#section_1740473554 {\n  padding-top: 30px;\n  padding-bottom: 30px;\n}\n<\/style>\n\t<\/section>\n\t\n\t<section class=\"section\" id=\"section_2013097173\">\n\t\t<div class=\"bg section-bg fill bg-fill  bg-loaded\" >\n\n\t\t\t\n\t\t\t\n\t\t\t\n\n\t\t<\/div><!-- .section-bg -->\n\n\t\t<div class=\"section-content relative\">\n\t\t\t\n\n<div class=\"row\"  id=\"row-299944929\">\n\n<\/p>\n<div class=\"col medium-9 small-12 large-9\"  ><div class=\"col-inner\"  >\n\n<\/p>\n<p>\n<div class=\"container section-title-container\" ><h2 class=\"section-title section-title-center\"><b><\/b><span class=\"section-title-main\" ><i class=\"icon-star\" ><\/i>\u00daltimas Noticias<\/span><b><\/b><\/h2><\/div><!-- .section-title -->\n\n<\/p>\n<p>\n\n  \n    <div class=\"row large-columns-3 medium-columns- small-columns-1 has-shadow row-box-shadow-1 row-box-shadow-1-hover\">\n  \t\t<div class=\"col post-item\" data-animate=\"fadeInUp\">\n\t\t\t<div class=\"col-inner\">\n\t\t\t<a href=\"https:\/\/colegiofemar.cl\/web\/2026\/04\/20\/dia-de-la-convivencia-escolar-2\/\" class=\"plain\">\n\t\t\t\t<div class=\"box box-normal box-text-bottom box-blog-post has-hover\">\n            \t\t\t\t\t<div class=\"box-image\" style=\"width:83%;\">\n  \t\t\t\t\t\t<div class=\"image-cover\" style=\"padding-top:75%;\">\n  \t\t\t\t\t\t\t<img width=\"375\" height=\"331\" src=\"https:\/\/colegiofemar.cl\/web\/wp-content\/uploads\/2026\/04\/Dia_de_la_Convivencia_2026.png\" class=\"attachment-original size-original wp-post-image\" alt=\"\" decoding=\"async\" loading=\"lazy\" srcset=\"https:\/\/colegiofemar.cl\/web\/wp-content\/uploads\/2026\/04\/Dia_de_la_Convivencia_2026.png 375w, https:\/\/colegiofemar.cl\/web\/wp-content\/uploads\/2026\/04\/Dia_de_la_Convivencia_2026-300x265.png 300w\" sizes=\"(max-width: 375px) 100vw, 375px\" \/>  \t\t\t\t\t\t\t  \t\t\t\t\t\t\t  \t\t\t\t\t\t<\/div>\n  \t\t\t\t\t\t  \t\t\t\t\t<\/div><!-- .box-image -->\n          \t\t\t\t\t<div class=\"box-text text-left\" style=\"background-color:rgb(255, 255, 255);\">\n\t\t\t\t\t<div class=\"box-text-inner blog-post-inner\">\n\n\t\t\t\t\t\n\t\t\t\t\t\t\t\t\t\t<h5 class=\"post-title is-large \">D\u00eda de la Convivencia Escolar<\/h5>\n\t\t\t\t\t\t\t\t\t\t<div class=\"is-divider\"><\/div>\n\t\t\t\t\t\t\t\t\t\t<p class=\"from_the_blog_excerpt \">El lunes 20 de abril se celebr\u00f3 el&nbsp;D\u00eda de la Convivencia Escolar&nbsp;en el Colegio Femar. [...]\t\t\t\t\t<\/p>\n\t\t\t\t\t                    \n\t\t\t\t\t\t\t\t\t\t\t<button href=\"https:\/\/colegiofemar.cl\/web\/2026\/04\/20\/dia-de-la-convivencia-escolar-2\/\" class=\"button alert is-outline is-small mb-0\">\n\t\t\t\t\t\t\tLeer m\u00e1s\t\t\t\t\t\t<\/button>\n\t\t\t\t\t\n\t\t\t\t\t\n\t\t\t\t\t<\/div><!-- .box-text-inner -->\n\t\t\t\t\t<\/div><!-- .box-text -->\n\t\t\t\t\t\t\t\t\t\t\t\t\t\t\t\t<div class=\"badge absolute top post-date badge-circle\">\n\t\t\t\t\t\t\t<div class=\"badge-inner\">\n\t\t\t\t\t\t\t\t<span class=\"post-date-day\">20<\/span><br>\n\t\t\t\t\t\t\t\t<span class=\"post-date-month is-xsmall\">Abr<\/span>\n\t\t\t\t\t\t\t<\/div>\n\t\t\t\t\t\t<\/div>\n\t\t\t\t\t\t\t\t\t<\/div><!-- .box -->\n\t\t\t\t<\/a><!-- .link -->\n\t\t\t<\/div><!-- .col-inner -->\n\t\t<\/div><!-- .col -->\n\t\t<div class=\"col post-item\" data-animate=\"fadeInUp\">\n\t\t\t<div class=\"col-inner\">\n\t\t\t<a href=\"https:\/\/colegiofemar.cl\/web\/2026\/04\/07\/tu-lugar-en-pastoral-2026-te-esta-esperando\/\" class=\"plain\">\n\t\t\t\t<div class=\"box box-normal box-text-bottom box-blog-post has-hover\">\n            \t\t\t\t\t<div class=\"box-image\" style=\"width:83%;\">\n  \t\t\t\t\t\t<div class=\"image-cover\" style=\"padding-top:75%;\">\n  \t\t\t\t\t\t\t<img width=\"2752\" height=\"1536\" src=\"https:\/\/colegiofemar.cl\/web\/wp-content\/uploads\/2026\/04\/pastoral-2026.png\" class=\"attachment-original size-original wp-post-image\" alt=\"\" decoding=\"async\" loading=\"lazy\" srcset=\"https:\/\/colegiofemar.cl\/web\/wp-content\/uploads\/2026\/04\/pastoral-2026.png 2752w, https:\/\/colegiofemar.cl\/web\/wp-content\/uploads\/2026\/04\/pastoral-2026-300x167.png 300w, https:\/\/colegiofemar.cl\/web\/wp-content\/uploads\/2026\/04\/pastoral-2026-1024x572.png 1024w, https:\/\/colegiofemar.cl\/web\/wp-content\/uploads\/2026\/04\/pastoral-2026-768x429.png 768w, https:\/\/colegiofemar.cl\/web\/wp-content\/uploads\/2026\/04\/pastoral-2026-1536x857.png 1536w, https:\/\/colegiofemar.cl\/web\/wp-content\/uploads\/2026\/04\/pastoral-2026-2048x1143.png 2048w\" sizes=\"(max-width: 2752px) 100vw, 2752px\" \/>  \t\t\t\t\t\t\t  \t\t\t\t\t\t\t  \t\t\t\t\t\t<\/div>\n  \t\t\t\t\t\t  \t\t\t\t\t<\/div><!-- .box-image -->\n          \t\t\t\t\t<div class=\"box-text text-left\" style=\"background-color:rgb(255, 255, 255);\">\n\t\t\t\t\t<div class=\"box-text-inner blog-post-inner\">\n\n\t\t\t\t\t\n\t\t\t\t\t\t\t\t\t\t<h5 class=\"post-title is-large \">\u00a1Tu lugar en Pastoral 2026 te est\u00e1 esperando!<\/h5>\n\t\t\t\t\t\t\t\t\t\t<div class=\"is-divider\"><\/div>\n\t\t\t\t\t\t\t\t\t\t<p class=\"from_the_blog_excerpt \">\u00a1Atenci\u00f3n, comunidad femarina! \u00bfSientes que este 2026 es el a\u00f1o para vivir tu fe de [...]\t\t\t\t\t<\/p>\n\t\t\t\t\t                    \n\t\t\t\t\t\t\t\t\t\t\t<button href=\"https:\/\/colegiofemar.cl\/web\/2026\/04\/07\/tu-lugar-en-pastoral-2026-te-esta-esperando\/\" class=\"button alert is-outline is-small mb-0\">\n\t\t\t\t\t\t\tLeer m\u00e1s\t\t\t\t\t\t<\/button>\n\t\t\t\t\t\n\t\t\t\t\t\n\t\t\t\t\t<\/div><!-- .box-text-inner -->\n\t\t\t\t\t<\/div><!-- .box-text -->\n\t\t\t\t\t\t\t\t\t\t\t\t\t\t\t\t<div class=\"badge absolute top post-date badge-circle\">\n\t\t\t\t\t\t\t<div class=\"badge-inner\">\n\t\t\t\t\t\t\t\t<span class=\"post-date-day\">07<\/span><br>\n\t\t\t\t\t\t\t\t<span class=\"post-date-month is-xsmall\">Abr<\/span>\n\t\t\t\t\t\t\t<\/div>\n\t\t\t\t\t\t<\/div>\n\t\t\t\t\t\t\t\t\t<\/div><!-- .box -->\n\t\t\t\t<\/a><!-- .link -->\n\t\t\t<\/div><!-- .col-inner -->\n\t\t<\/div><!-- .col -->\n\t\t<div class=\"col post-item\" data-animate=\"fadeInUp\">\n\t\t\t<div class=\"col-inner\">\n\t\t\t<a href=\"https:\/\/colegiofemar.cl\/web\/2026\/04\/07\/jornada-de-concientizacion-sobre-el-autismo\/\" class=\"plain\">\n\t\t\t\t<div class=\"box box-normal box-text-bottom box-blog-post has-hover\">\n            \t\t\t\t\t<div class=\"box-image\" style=\"width:83%;\">\n  \t\t\t\t\t\t<div class=\"image-cover\" style=\"padding-top:75%;\">\n  \t\t\t\t\t\t\t<img width=\"1600\" height=\"1200\" src=\"https:\/\/colegiofemar.cl\/web\/wp-content\/uploads\/2026\/04\/f8c4ebff-9694-4705-862f-6fa27fe9c0b7.jpg\" class=\"attachment-original size-original wp-post-image\" alt=\"\" decoding=\"async\" loading=\"lazy\" srcset=\"https:\/\/colegiofemar.cl\/web\/wp-content\/uploads\/2026\/04\/f8c4ebff-9694-4705-862f-6fa27fe9c0b7.jpg 1600w, https:\/\/colegiofemar.cl\/web\/wp-content\/uploads\/2026\/04\/f8c4ebff-9694-4705-862f-6fa27fe9c0b7-300x225.jpg 300w, https:\/\/colegiofemar.cl\/web\/wp-content\/uploads\/2026\/04\/f8c4ebff-9694-4705-862f-6fa27fe9c0b7-1024x768.jpg 1024w, https:\/\/colegiofemar.cl\/web\/wp-content\/uploads\/2026\/04\/f8c4ebff-9694-4705-862f-6fa27fe9c0b7-768x576.jpg 768w, https:\/\/colegiofemar.cl\/web\/wp-content\/uploads\/2026\/04\/f8c4ebff-9694-4705-862f-6fa27fe9c0b7-1536x1152.jpg 1536w\" sizes=\"(max-width: 1600px) 100vw, 1600px\" \/>  \t\t\t\t\t\t\t  \t\t\t\t\t\t\t  \t\t\t\t\t\t<\/div>\n  \t\t\t\t\t\t  \t\t\t\t\t<\/div><!-- .box-image -->\n          \t\t\t\t\t<div class=\"box-text text-left\" style=\"background-color:rgb(255, 255, 255);\">\n\t\t\t\t\t<div class=\"box-text-inner blog-post-inner\">\n\n\t\t\t\t\t\n\t\t\t\t\t\t\t\t\t\t<h5 class=\"post-title is-large \">Jornada de Concientizaci\u00f3n sobre el Autismo<\/h5>\n\t\t\t\t\t\t\t\t\t\t<div class=\"is-divider\"><\/div>\n\t\t\t\t\t\t\t\t\t\t<p class=\"from_the_blog_excerpt \">Con gran entusiasmo, respeto y un profundo sentido de comunidad, nuestro colegio llev\u00f3 a cabo [...]\t\t\t\t\t<\/p>\n\t\t\t\t\t                    \n\t\t\t\t\t\t\t\t\t\t\t<button href=\"https:\/\/colegiofemar.cl\/web\/2026\/04\/07\/jornada-de-concientizacion-sobre-el-autismo\/\" class=\"button alert is-outline is-small mb-0\">\n\t\t\t\t\t\t\tLeer m\u00e1s\t\t\t\t\t\t<\/button>\n\t\t\t\t\t\n\t\t\t\t\t\n\t\t\t\t\t<\/div><!-- .box-text-inner -->\n\t\t\t\t\t<\/div><!-- .box-text -->\n\t\t\t\t\t\t\t\t\t\t\t\t\t\t\t\t<div class=\"badge absolute top post-date badge-circle\">\n\t\t\t\t\t\t\t<div class=\"badge-inner\">\n\t\t\t\t\t\t\t\t<span class=\"post-date-day\">07<\/span><br>\n\t\t\t\t\t\t\t\t<span class=\"post-date-month is-xsmall\">Abr<\/span>\n\t\t\t\t\t\t\t<\/div>\n\t\t\t\t\t\t<\/div>\n\t\t\t\t\t\t\t\t\t<\/div><!-- .box -->\n\t\t\t\t<\/a><!-- .link -->\n\t\t\t<\/div><!-- .col-inner -->\n\t\t<\/div><!-- .col -->\n\t\t<div class=\"col post-item\" data-animate=\"fadeInUp\">\n\t\t\t<div class=\"col-inner\">\n\t\t\t<a href=\"https:\/\/colegiofemar.cl\/web\/2026\/04\/02\/renovando-energias-nuestra-comunidad-educativa-vive-una-jornada-de-autocuidado\/\" class=\"plain\">\n\t\t\t\t<div class=\"box box-normal box-text-bottom box-blog-post has-hover\">\n            \t\t\t\t\t<div class=\"box-image\" style=\"width:83%;\">\n  \t\t\t\t\t\t<div class=\"image-cover\" style=\"padding-top:75%;\">\n  \t\t\t\t\t\t\t<img width=\"1600\" height=\"900\" src=\"https:\/\/colegiofemar.cl\/web\/wp-content\/uploads\/2026\/04\/IMG_7672.jpg\" class=\"attachment-original size-original wp-post-image\" alt=\"\" decoding=\"async\" loading=\"lazy\" srcset=\"https:\/\/colegiofemar.cl\/web\/wp-content\/uploads\/2026\/04\/IMG_7672.jpg 1600w, https:\/\/colegiofemar.cl\/web\/wp-content\/uploads\/2026\/04\/IMG_7672-300x169.jpg 300w, https:\/\/colegiofemar.cl\/web\/wp-content\/uploads\/2026\/04\/IMG_7672-1024x576.jpg 1024w, https:\/\/colegiofemar.cl\/web\/wp-content\/uploads\/2026\/04\/IMG_7672-768x432.jpg 768w, https:\/\/colegiofemar.cl\/web\/wp-content\/uploads\/2026\/04\/IMG_7672-1536x864.jpg 1536w\" sizes=\"(max-width: 1600px) 100vw, 1600px\" \/>  \t\t\t\t\t\t\t  \t\t\t\t\t\t\t  \t\t\t\t\t\t<\/div>\n  \t\t\t\t\t\t  \t\t\t\t\t<\/div><!-- .box-image -->\n          \t\t\t\t\t<div class=\"box-text text-left\" style=\"background-color:rgb(255, 255, 255);\">\n\t\t\t\t\t<div class=\"box-text-inner blog-post-inner\">\n\n\t\t\t\t\t\n\t\t\t\t\t\t\t\t\t\t<h5 class=\"post-title is-large \">Renovando Energ\u00edas: Nuestra Comunidad Educativa Vive una Jornada de Autocuidado<\/h5>\n\t\t\t\t\t\t\t\t\t\t<div class=\"is-divider\"><\/div>\n\t\t\t\t\t\t\t\t\t\t<p class=\"from_the_blog_excerpt \">En el Colegio Femenino Madre del Rosario, entendemos que para brindar una educaci\u00f3n de excelencia [...]\t\t\t\t\t<\/p>\n\t\t\t\t\t                    \n\t\t\t\t\t\t\t\t\t\t\t<button href=\"https:\/\/colegiofemar.cl\/web\/2026\/04\/02\/renovando-energias-nuestra-comunidad-educativa-vive-una-jornada-de-autocuidado\/\" class=\"button alert is-outline is-small mb-0\">\n\t\t\t\t\t\t\tLeer m\u00e1s\t\t\t\t\t\t<\/button>\n\t\t\t\t\t\n\t\t\t\t\t\n\t\t\t\t\t<\/div><!-- .box-text-inner -->\n\t\t\t\t\t<\/div><!-- .box-text -->\n\t\t\t\t\t\t\t\t\t\t\t\t\t\t\t\t<div class=\"badge absolute top post-date badge-circle\">\n\t\t\t\t\t\t\t<div class=\"badge-inner\">\n\t\t\t\t\t\t\t\t<span class=\"post-date-day\">02<\/span><br>\n\t\t\t\t\t\t\t\t<span class=\"post-date-month is-xsmall\">Abr<\/span>\n\t\t\t\t\t\t\t<\/div>\n\t\t\t\t\t\t<\/div>\n\t\t\t\t\t\t\t\t\t<\/div><!-- .box -->\n\t\t\t\t<\/a><!-- .link -->\n\t\t\t<\/div><!-- .col-inner -->\n\t\t<\/div><!-- .col -->\n\t\t<div class=\"col post-item\" data-animate=\"fadeInUp\">\n\t\t\t<div class=\"col-inner\">\n\t\t\t<a href=\"https:\/\/colegiofemar.cl\/web\/2026\/03\/30\/unidos-en-la-fe-nuestra-comunidad-inicia-la-semana-santa-con-una-solemne-eucaristia\/\" class=\"plain\">\n\t\t\t\t<div class=\"box box-normal box-text-bottom box-blog-post has-hover\">\n            \t\t\t\t\t<div class=\"box-image\" style=\"width:83%;\">\n  \t\t\t\t\t\t<div class=\"image-cover\" style=\"padding-top:75%;\">\n  \t\t\t\t\t\t\t<img width=\"1920\" height=\"1280\" src=\"https:\/\/colegiofemar.cl\/web\/wp-content\/uploads\/2026\/04\/IMG_0343.jpg\" class=\"attachment-original size-original wp-post-image\" alt=\"\" decoding=\"async\" loading=\"lazy\" srcset=\"https:\/\/colegiofemar.cl\/web\/wp-content\/uploads\/2026\/04\/IMG_0343.jpg 1920w, https:\/\/colegiofemar.cl\/web\/wp-content\/uploads\/2026\/04\/IMG_0343-300x200.jpg 300w, https:\/\/colegiofemar.cl\/web\/wp-content\/uploads\/2026\/04\/IMG_0343-1024x683.jpg 1024w, https:\/\/colegiofemar.cl\/web\/wp-content\/uploads\/2026\/04\/IMG_0343-768x512.jpg 768w, https:\/\/colegiofemar.cl\/web\/wp-content\/uploads\/2026\/04\/IMG_0343-1536x1024.jpg 1536w\" sizes=\"(max-width: 1920px) 100vw, 1920px\" \/>  \t\t\t\t\t\t\t  \t\t\t\t\t\t\t  \t\t\t\t\t\t<\/div>\n  \t\t\t\t\t\t  \t\t\t\t\t<\/div><!-- .box-image -->\n          \t\t\t\t\t<div class=\"box-text text-left\" style=\"background-color:rgb(255, 255, 255);\">\n\t\t\t\t\t<div class=\"box-text-inner blog-post-inner\">\n\n\t\t\t\t\t\n\t\t\t\t\t\t\t\t\t\t<h5 class=\"post-title is-large \">Unidos en la Fe: Nuestra Comunidad Inicia la Semana Santa con una Solemne Eucarist\u00eda<\/h5>\n\t\t\t\t\t\t\t\t\t\t<div class=\"is-divider\"><\/div>\n\t\t\t\t\t\t\t\t\t\t<p class=\"from_the_blog_excerpt \">Con el coraz\u00f3n dispuesto y en un ambiente de profunda oraci\u00f3n, las estudiantes, docentes y [...]\t\t\t\t\t<\/p>\n\t\t\t\t\t                    \n\t\t\t\t\t\t\t\t\t\t\t<button href=\"https:\/\/colegiofemar.cl\/web\/2026\/03\/30\/unidos-en-la-fe-nuestra-comunidad-inicia-la-semana-santa-con-una-solemne-eucaristia\/\" class=\"button alert is-outline is-small mb-0\">\n\t\t\t\t\t\t\tLeer m\u00e1s\t\t\t\t\t\t<\/button>\n\t\t\t\t\t\n\t\t\t\t\t\n\t\t\t\t\t<\/div><!-- .box-text-inner -->\n\t\t\t\t\t<\/div><!-- .box-text -->\n\t\t\t\t\t\t\t\t\t\t\t\t\t\t\t\t<div class=\"badge absolute top post-date badge-circle\">\n\t\t\t\t\t\t\t<div class=\"badge-inner\">\n\t\t\t\t\t\t\t\t<span class=\"post-date-day\">30<\/span><br>\n\t\t\t\t\t\t\t\t<span class=\"post-date-month is-xsmall\">Mar<\/span>\n\t\t\t\t\t\t\t<\/div>\n\t\t\t\t\t\t<\/div>\n\t\t\t\t\t\t\t\t\t<\/div><!-- .box -->\n\t\t\t\t<\/a><!-- .link -->\n\t\t\t<\/div><!-- .col-inner -->\n\t\t<\/div><!-- .col -->\n\t\t<div class=\"col post-item\" data-animate=\"fadeInUp\">\n\t\t\t<div class=\"col-inner\">\n\t\t\t<a href=\"https:\/\/colegiofemar.cl\/web\/2026\/03\/27\/condolencias-institucionales-nuestra-comunidad-se-une-en-oracion-por-el-instituto-obispo-silva-lezaeta\/\" class=\"plain\">\n\t\t\t\t<div class=\"box box-normal box-text-bottom box-blog-post has-hover\">\n            \t\t\t\t\t<div class=\"box-image\" style=\"width:83%;\">\n  \t\t\t\t\t\t<div class=\"image-cover\" style=\"padding-top:75%;\">\n  \t\t\t\t\t\t\t<img width=\"1500\" height=\"1500\" src=\"https:\/\/colegiofemar.cl\/web\/wp-content\/uploads\/2026\/03\/Con-profundo-pesar-como-comunidad-educativa-del-Colegio-Femenino-Madre-del-Rosario-de-la-ciudad-de-Antofagasta-queremos-expresar-nuestras-mas-sinceras-condolencias-al-Instituto-Obispo-Luis-Silva.png\" class=\"attachment-original size-original wp-post-image\" alt=\"\" decoding=\"async\" loading=\"lazy\" srcset=\"https:\/\/colegiofemar.cl\/web\/wp-content\/uploads\/2026\/03\/Con-profundo-pesar-como-comunidad-educativa-del-Colegio-Femenino-Madre-del-Rosario-de-la-ciudad-de-Antofagasta-queremos-expresar-nuestras-mas-sinceras-condolencias-al-Instituto-Obispo-Luis-Silva.png 1500w, https:\/\/colegiofemar.cl\/web\/wp-content\/uploads\/2026\/03\/Con-profundo-pesar-como-comunidad-educativa-del-Colegio-Femenino-Madre-del-Rosario-de-la-ciudad-de-Antofagasta-queremos-expresar-nuestras-mas-sinceras-condolencias-al-Instituto-Obispo-Luis-Silva-300x300.png 300w, https:\/\/colegiofemar.cl\/web\/wp-content\/uploads\/2026\/03\/Con-profundo-pesar-como-comunidad-educativa-del-Colegio-Femenino-Madre-del-Rosario-de-la-ciudad-de-Antofagasta-queremos-expresar-nuestras-mas-sinceras-condolencias-al-Instituto-Obispo-Luis-Silva-1024x1024.png 1024w, https:\/\/colegiofemar.cl\/web\/wp-content\/uploads\/2026\/03\/Con-profundo-pesar-como-comunidad-educativa-del-Colegio-Femenino-Madre-del-Rosario-de-la-ciudad-de-Antofagasta-queremos-expresar-nuestras-mas-sinceras-condolencias-al-Instituto-Obispo-Luis-Silva-150x150.png 150w, https:\/\/colegiofemar.cl\/web\/wp-content\/uploads\/2026\/03\/Con-profundo-pesar-como-comunidad-educativa-del-Colegio-Femenino-Madre-del-Rosario-de-la-ciudad-de-Antofagasta-queremos-expresar-nuestras-mas-sinceras-condolencias-al-Instituto-Obispo-Luis-Silva-768x768.png 768w\" sizes=\"(max-width: 1500px) 100vw, 1500px\" \/>  \t\t\t\t\t\t\t  \t\t\t\t\t\t\t  \t\t\t\t\t\t<\/div>\n  \t\t\t\t\t\t  \t\t\t\t\t<\/div><!-- .box-image -->\n          \t\t\t\t\t<div class=\"box-text text-left\" style=\"background-color:rgb(255, 255, 255);\">\n\t\t\t\t\t<div class=\"box-text-inner blog-post-inner\">\n\n\t\t\t\t\t\n\t\t\t\t\t\t\t\t\t\t<h5 class=\"post-title is-large \">Condolencias Institucionales: Nuestra comunidad se une en oraci\u00f3n por el Instituto Obispo Silva Lezaeta<\/h5>\n\t\t\t\t\t\t\t\t\t\t<div class=\"is-divider\"><\/div>\n\t\t\t\t\t\t\t\t\t\t<p class=\"from_the_blog_excerpt \">Con profundo pesar, la comunidad educativa del Colegio Femenino Madre del Rosario de Antofagasta desea [...]\t\t\t\t\t<\/p>\n\t\t\t\t\t                    \n\t\t\t\t\t\t\t\t\t\t\t<button href=\"https:\/\/colegiofemar.cl\/web\/2026\/03\/27\/condolencias-institucionales-nuestra-comunidad-se-une-en-oracion-por-el-instituto-obispo-silva-lezaeta\/\" class=\"button alert is-outline is-small mb-0\">\n\t\t\t\t\t\t\tLeer m\u00e1s\t\t\t\t\t\t<\/button>\n\t\t\t\t\t\n\t\t\t\t\t\n\t\t\t\t\t<\/div><!-- .box-text-inner -->\n\t\t\t\t\t<\/div><!-- .box-text -->\n\t\t\t\t\t\t\t\t\t\t\t\t\t\t\t\t<div class=\"badge absolute top post-date badge-circle\">\n\t\t\t\t\t\t\t<div class=\"badge-inner\">\n\t\t\t\t\t\t\t\t<span class=\"post-date-day\">27<\/span><br>\n\t\t\t\t\t\t\t\t<span class=\"post-date-month is-xsmall\">Mar<\/span>\n\t\t\t\t\t\t\t<\/div>\n\t\t\t\t\t\t<\/div>\n\t\t\t\t\t\t\t\t\t<\/div><!-- .box -->\n\t\t\t\t<\/a><!-- .link -->\n\t\t\t<\/div><!-- .col-inner -->\n\t\t<\/div><!-- .col -->\n\t\t<div class=\"col post-item\" data-animate=\"fadeInUp\">\n\t\t\t<div class=\"col-inner\">\n\t\t\t<a href=\"https:\/\/colegiofemar.cl\/web\/2026\/03\/26\/gran-cierre-del-ciclo-de-talleres-espacio-amigable-formacion-integral-para-nuestras-estudiantes\/\" class=\"plain\">\n\t\t\t\t<div class=\"box box-normal box-text-bottom box-blog-post has-hover\">\n            \t\t\t\t\t<div class=\"box-image\" style=\"width:83%;\">\n  \t\t\t\t\t\t<div class=\"image-cover\" style=\"padding-top:75%;\">\n  \t\t\t\t\t\t\t<img width=\"1600\" height=\"1200\" src=\"https:\/\/colegiofemar.cl\/web\/wp-content\/uploads\/2026\/03\/espacio-amigable-3.jpeg\" class=\"attachment-original size-original wp-post-image\" alt=\"\" decoding=\"async\" loading=\"lazy\" srcset=\"https:\/\/colegiofemar.cl\/web\/wp-content\/uploads\/2026\/03\/espacio-amigable-3.jpeg 1600w, https:\/\/colegiofemar.cl\/web\/wp-content\/uploads\/2026\/03\/espacio-amigable-3-300x225.jpeg 300w, https:\/\/colegiofemar.cl\/web\/wp-content\/uploads\/2026\/03\/espacio-amigable-3-1024x768.jpeg 1024w, https:\/\/colegiofemar.cl\/web\/wp-content\/uploads\/2026\/03\/espacio-amigable-3-768x576.jpeg 768w, https:\/\/colegiofemar.cl\/web\/wp-content\/uploads\/2026\/03\/espacio-amigable-3-1536x1152.jpeg 1536w\" sizes=\"(max-width: 1600px) 100vw, 1600px\" \/>  \t\t\t\t\t\t\t  \t\t\t\t\t\t\t  \t\t\t\t\t\t<\/div>\n  \t\t\t\t\t\t  \t\t\t\t\t<\/div><!-- .box-image -->\n          \t\t\t\t\t<div class=\"box-text text-left\" style=\"background-color:rgb(255, 255, 255);\">\n\t\t\t\t\t<div class=\"box-text-inner blog-post-inner\">\n\n\t\t\t\t\t\n\t\t\t\t\t\t\t\t\t\t<h5 class=\"post-title is-large \">Gran Cierre del Ciclo de Talleres \u00abEspacio Amigable\u00bb: Formaci\u00f3n Integral para nuestras Estudiantes<\/h5>\n\t\t\t\t\t\t\t\t\t\t<div class=\"is-divider\"><\/div>\n\t\t\t\t\t\t\t\t\t\t<p class=\"from_the_blog_excerpt \">Con mucha satisfacci\u00f3n, este 26 de marzo vivimos la jornada de clausura del programa \u201cEspacio [...]\t\t\t\t\t<\/p>\n\t\t\t\t\t                    \n\t\t\t\t\t\t\t\t\t\t\t<button href=\"https:\/\/colegiofemar.cl\/web\/2026\/03\/26\/gran-cierre-del-ciclo-de-talleres-espacio-amigable-formacion-integral-para-nuestras-estudiantes\/\" class=\"button alert is-outline is-small mb-0\">\n\t\t\t\t\t\t\tLeer m\u00e1s\t\t\t\t\t\t<\/button>\n\t\t\t\t\t\n\t\t\t\t\t\n\t\t\t\t\t<\/div><!-- .box-text-inner -->\n\t\t\t\t\t<\/div><!-- .box-text -->\n\t\t\t\t\t\t\t\t\t\t\t\t\t\t\t\t<div class=\"badge absolute top post-date badge-circle\">\n\t\t\t\t\t\t\t<div class=\"badge-inner\">\n\t\t\t\t\t\t\t\t<span class=\"post-date-day\">26<\/span><br>\n\t\t\t\t\t\t\t\t<span class=\"post-date-month is-xsmall\">Mar<\/span>\n\t\t\t\t\t\t\t<\/div>\n\t\t\t\t\t\t<\/div>\n\t\t\t\t\t\t\t\t\t<\/div><!-- .box -->\n\t\t\t\t<\/a><!-- .link -->\n\t\t\t<\/div><!-- .col-inner -->\n\t\t<\/div><!-- .col -->\n\t\t<div class=\"col post-item\" data-animate=\"fadeInUp\">\n\t\t\t<div class=\"col-inner\">\n\t\t\t<a href=\"https:\/\/colegiofemar.cl\/web\/2026\/03\/25\/jornada-de-crecimiento-y-bienestar-segundo-taller-espacio-amigable-en-nuestro-colegio\/\" class=\"plain\">\n\t\t\t\t<div class=\"box box-normal box-text-bottom box-blog-post has-hover\">\n            \t\t\t\t\t<div class=\"box-image\" style=\"width:83%;\">\n  \t\t\t\t\t\t<div class=\"image-cover\" style=\"padding-top:75%;\">\n  \t\t\t\t\t\t\t<img width=\"1600\" height=\"1200\" src=\"https:\/\/colegiofemar.cl\/web\/wp-content\/uploads\/2026\/03\/espacio-amigable-2.jpeg\" class=\"attachment-original size-original wp-post-image\" alt=\"\" decoding=\"async\" loading=\"lazy\" srcset=\"https:\/\/colegiofemar.cl\/web\/wp-content\/uploads\/2026\/03\/espacio-amigable-2.jpeg 1600w, https:\/\/colegiofemar.cl\/web\/wp-content\/uploads\/2026\/03\/espacio-amigable-2-300x225.jpeg 300w, https:\/\/colegiofemar.cl\/web\/wp-content\/uploads\/2026\/03\/espacio-amigable-2-1024x768.jpeg 1024w, https:\/\/colegiofemar.cl\/web\/wp-content\/uploads\/2026\/03\/espacio-amigable-2-768x576.jpeg 768w, https:\/\/colegiofemar.cl\/web\/wp-content\/uploads\/2026\/03\/espacio-amigable-2-1536x1152.jpeg 1536w\" sizes=\"(max-width: 1600px) 100vw, 1600px\" \/>  \t\t\t\t\t\t\t  \t\t\t\t\t\t\t  \t\t\t\t\t\t<\/div>\n  \t\t\t\t\t\t  \t\t\t\t\t<\/div><!-- .box-image -->\n          \t\t\t\t\t<div class=\"box-text text-left\" style=\"background-color:rgb(255, 255, 255);\">\n\t\t\t\t\t<div class=\"box-text-inner blog-post-inner\">\n\n\t\t\t\t\t\n\t\t\t\t\t\t\t\t\t\t<h5 class=\"post-title is-large \">Jornada de Crecimiento y Bienestar: Segundo Taller \u00abEspacio Amigable\u00bb en nuestro Colegio<\/h5>\n\t\t\t\t\t\t\t\t\t\t<div class=\"is-divider\"><\/div>\n\t\t\t\t\t\t\t\t\t\t<p class=\"from_the_blog_excerpt \">Hoy 25 de marzo, nuestro establecimiento se visti\u00f3 de aprendizaje y autocuidado con la visita [...]\t\t\t\t\t<\/p>\n\t\t\t\t\t                    \n\t\t\t\t\t\t\t\t\t\t\t<button href=\"https:\/\/colegiofemar.cl\/web\/2026\/03\/25\/jornada-de-crecimiento-y-bienestar-segundo-taller-espacio-amigable-en-nuestro-colegio\/\" class=\"button alert is-outline is-small mb-0\">\n\t\t\t\t\t\t\tLeer m\u00e1s\t\t\t\t\t\t<\/button>\n\t\t\t\t\t\n\t\t\t\t\t\n\t\t\t\t\t<\/div><!-- .box-text-inner -->\n\t\t\t\t\t<\/div><!-- .box-text -->\n\t\t\t\t\t\t\t\t\t\t\t\t\t\t\t\t<div class=\"badge absolute top post-date badge-circle\">\n\t\t\t\t\t\t\t<div class=\"badge-inner\">\n\t\t\t\t\t\t\t\t<span class=\"post-date-day\">25<\/span><br>\n\t\t\t\t\t\t\t\t<span class=\"post-date-month is-xsmall\">Mar<\/span>\n\t\t\t\t\t\t\t<\/div>\n\t\t\t\t\t\t<\/div>\n\t\t\t\t\t\t\t\t\t<\/div><!-- .box -->\n\t\t\t\t<\/a><!-- .link -->\n\t\t\t<\/div><!-- .col-inner -->\n\t\t<\/div><!-- .col -->\n\t\t<div class=\"col post-item\" data-animate=\"fadeInUp\">\n\t\t\t<div class=\"col-inner\">\n\t\t\t<a href=\"https:\/\/colegiofemar.cl\/web\/2026\/03\/24\/compromiso-y-transparencia-nuestra-comunidad-participa-en-la-cuenta-publica-2025\/\" class=\"plain\">\n\t\t\t\t<div class=\"box box-normal box-text-bottom box-blog-post has-hover\">\n            \t\t\t\t\t<div class=\"box-image\" style=\"width:83%;\">\n  \t\t\t\t\t\t<div class=\"image-cover\" style=\"padding-top:75%;\">\n  \t\t\t\t\t\t\t<img width=\"1280\" height=\"960\" src=\"https:\/\/colegiofemar.cl\/web\/wp-content\/uploads\/2026\/03\/WhatsApp-Image-2026-03-24-at-4.06.33-PM1.jpeg\" class=\"attachment-original size-original wp-post-image\" alt=\"\" decoding=\"async\" loading=\"lazy\" srcset=\"https:\/\/colegiofemar.cl\/web\/wp-content\/uploads\/2026\/03\/WhatsApp-Image-2026-03-24-at-4.06.33-PM1.jpeg 1280w, https:\/\/colegiofemar.cl\/web\/wp-content\/uploads\/2026\/03\/WhatsApp-Image-2026-03-24-at-4.06.33-PM1-300x225.jpeg 300w, https:\/\/colegiofemar.cl\/web\/wp-content\/uploads\/2026\/03\/WhatsApp-Image-2026-03-24-at-4.06.33-PM1-1024x768.jpeg 1024w, https:\/\/colegiofemar.cl\/web\/wp-content\/uploads\/2026\/03\/WhatsApp-Image-2026-03-24-at-4.06.33-PM1-768x576.jpeg 768w\" sizes=\"(max-width: 1280px) 100vw, 1280px\" \/>  \t\t\t\t\t\t\t  \t\t\t\t\t\t\t  \t\t\t\t\t\t<\/div>\n  \t\t\t\t\t\t  \t\t\t\t\t<\/div><!-- .box-image -->\n          \t\t\t\t\t<div class=\"box-text text-left\" style=\"background-color:rgb(255, 255, 255);\">\n\t\t\t\t\t<div class=\"box-text-inner blog-post-inner\">\n\n\t\t\t\t\t\n\t\t\t\t\t\t\t\t\t\t<h5 class=\"post-title is-large \">Compromiso y Transparencia: Nuestra Comunidad Participa en la Cuenta P\u00fablica 2025<\/h5>\n\t\t\t\t\t\t\t\t\t\t<div class=\"is-divider\"><\/div>\n\t\t\t\t\t\t\t\t\t\t<p class=\"from_the_blog_excerpt \">En un ambiente de di\u00e1logo y colaboraci\u00f3n, este martes se llev\u00f3 a cabo la Reuni\u00f3n [...]\t\t\t\t\t<\/p>\n\t\t\t\t\t                    \n\t\t\t\t\t\t\t\t\t\t\t<button href=\"https:\/\/colegiofemar.cl\/web\/2026\/03\/24\/compromiso-y-transparencia-nuestra-comunidad-participa-en-la-cuenta-publica-2025\/\" class=\"button alert is-outline is-small mb-0\">\n\t\t\t\t\t\t\tLeer m\u00e1s\t\t\t\t\t\t<\/button>\n\t\t\t\t\t\n\t\t\t\t\t\n\t\t\t\t\t<\/div><!-- .box-text-inner -->\n\t\t\t\t\t<\/div><!-- .box-text -->\n\t\t\t\t\t\t\t\t\t\t\t\t\t\t\t\t<div class=\"badge absolute top post-date badge-circle\">\n\t\t\t\t\t\t\t<div class=\"badge-inner\">\n\t\t\t\t\t\t\t\t<span class=\"post-date-day\">24<\/span><br>\n\t\t\t\t\t\t\t\t<span class=\"post-date-month is-xsmall\">Mar<\/span>\n\t\t\t\t\t\t\t<\/div>\n\t\t\t\t\t\t<\/div>\n\t\t\t\t\t\t\t\t\t<\/div><!-- .box -->\n\t\t\t\t<\/a><!-- .link -->\n\t\t\t<\/div><!-- .col-inner -->\n\t\t<\/div><!-- .col -->\n<\/div>\n\n<\/p>\n<p>\n\n<\/div><\/div>\n<div class=\"col medium-3 small-12 large-3\"  ><div class=\"col-inner\"  >\n\n<\/p>\n<p>\u00a0<\/p>\n<p>\n\t<div class=\"img has-hover x md-x lg-x y md-y lg-y\" id=\"image_39763709\">\n\t\t<a class=\"\" href=\"https:\/\/colegiofemar.cl\/web\/2023\/04\/20\/comunicados-direccion\/\" target=\"_self\" >\t\t\t\t\t\t<div class=\"img-inner dark\" >\n\t\t\t<img width=\"1020\" height=\"573\" src=\"https:\/\/colegiofemar.cl\/web\/wp-content\/uploads\/2023\/04\/Captura-de-pantalla-2023-04-20-a-las-16.57.17-1-1024x575.png\" class=\"attachment-large size-large\" alt=\"\" decoding=\"async\" loading=\"lazy\" srcset=\"https:\/\/colegiofemar.cl\/web\/wp-content\/uploads\/2023\/04\/Captura-de-pantalla-2023-04-20-a-las-16.57.17-1-1024x575.png 1024w, https:\/\/colegiofemar.cl\/web\/wp-content\/uploads\/2023\/04\/Captura-de-pantalla-2023-04-20-a-las-16.57.17-1-300x168.png 300w, https:\/\/colegiofemar.cl\/web\/wp-content\/uploads\/2023\/04\/Captura-de-pantalla-2023-04-20-a-las-16.57.17-1-768x431.png 768w, https:\/\/colegiofemar.cl\/web\/wp-content\/uploads\/2023\/04\/Captura-de-pantalla-2023-04-20-a-las-16.57.17-1-1536x863.png 1536w, https:\/\/colegiofemar.cl\/web\/wp-content\/uploads\/2023\/04\/Captura-de-pantalla-2023-04-20-a-las-16.57.17-1-2048x1150.png 2048w\" sizes=\"(max-width: 1020px) 100vw, 1020px\" \/>\t\t\t\t\t\t\n\t\t\t\t\t<\/div>\n\t\t\t\t\t\t<\/a>\t\t\n<style scope=\"scope\">\n\n#image_39763709 {\n  width: 100%;\n}\n<\/style>\n\t<\/div>\n\t\n\n\t<div class=\"img has-hover x md-x lg-x y md-y lg-y\" id=\"image_1352060128\">\n\t\t<a class=\"\" href=\"https:\/\/colegiofemar.cl\/web\/matricula-2026\/\" target=\"_self\" >\t\t\t\t\t\t<div class=\"img-inner dark\" >\n\t\t\t<img width=\"717\" height=\"342\" src=\"https:\/\/colegiofemar.cl\/web\/wp-content\/uploads\/2025\/11\/Banner.png\" class=\"attachment-large size-large\" alt=\"\" decoding=\"async\" loading=\"lazy\" srcset=\"https:\/\/colegiofemar.cl\/web\/wp-content\/uploads\/2025\/11\/Banner.png 717w, https:\/\/colegiofemar.cl\/web\/wp-content\/uploads\/2025\/11\/Banner-300x143.png 300w\" sizes=\"(max-width: 717px) 100vw, 717px\" \/>\t\t\t\t\t\t\n\t\t\t\t\t<\/div>\n\t\t\t\t\t\t<\/a>\t\t\n<style scope=\"scope\">\n\n#image_1352060128 {\n  width: 100%;\n}\n<\/style>\n\t<\/div>\n\t\n\n<\/p>\n\t<div class=\"img has-hover x md-x lg-x y md-y lg-y\" id=\"image_501189303\">\n\t\t<a class=\"\" href=\"https:\/\/colegiofemar.cl\/web\/2022\/04\/19\/reunion-de-apoderados-2022\/\" target=\"_blank\" rel=\"noopener noreferrer\" >\t\t\t\t\t\t<div class=\"img-inner dark\" >\n\t\t\t<img width=\"1020\" height=\"571\" src=\"https:\/\/colegiofemar.cl\/web\/wp-content\/uploads\/2022\/04\/Reuniones-de-apoderados-2025-1024x573.png\" class=\"attachment-large size-large\" alt=\"\" decoding=\"async\" loading=\"lazy\" srcset=\"https:\/\/colegiofemar.cl\/web\/wp-content\/uploads\/2022\/04\/Reuniones-de-apoderados-2025-1024x573.png 1024w, https:\/\/colegiofemar.cl\/web\/wp-content\/uploads\/2022\/04\/Reuniones-de-apoderados-2025-300x168.png 300w, https:\/\/colegiofemar.cl\/web\/wp-content\/uploads\/2022\/04\/Reuniones-de-apoderados-2025-768x430.png 768w, https:\/\/colegiofemar.cl\/web\/wp-content\/uploads\/2022\/04\/Reuniones-de-apoderados-2025.png 1352w\" sizes=\"(max-width: 1020px) 100vw, 1020px\" \/>\t\t\t\t\t\t\n\t\t\t\t\t<\/div>\n\t\t\t\t\t\t<\/a>\t\t\n<style scope=\"scope\">\n\n#image_501189303 {\n  width: 100%;\n}\n<\/style>\n\t<\/div>\n\t\n\t<div class=\"img has-hover x md-x lg-x y md-y lg-y\" id=\"image_117171078\">\n\t\t<a class=\"\" href=\"https:\/\/colegiofemar.cl\/web\/trabaja-con-nosotros\/\" target=\"_self\" >\t\t\t\t\t\t<div class=\"img-inner dark\" >\n\t\t\t<img width=\"1020\" height=\"574\" src=\"https:\/\/colegiofemar.cl\/web\/wp-content\/uploads\/2025\/09\/Bleu-White-Illustrated-Work-Planning-Presentation-1024x576.png\" class=\"attachment-large size-large\" alt=\"\" decoding=\"async\" loading=\"lazy\" srcset=\"https:\/\/colegiofemar.cl\/web\/wp-content\/uploads\/2025\/09\/Bleu-White-Illustrated-Work-Planning-Presentation-1024x576.png 1024w, https:\/\/colegiofemar.cl\/web\/wp-content\/uploads\/2025\/09\/Bleu-White-Illustrated-Work-Planning-Presentation-300x169.png 300w, https:\/\/colegiofemar.cl\/web\/wp-content\/uploads\/2025\/09\/Bleu-White-Illustrated-Work-Planning-Presentation-768x432.png 768w, https:\/\/colegiofemar.cl\/web\/wp-content\/uploads\/2025\/09\/Bleu-White-Illustrated-Work-Planning-Presentation-1536x864.png 1536w, https:\/\/colegiofemar.cl\/web\/wp-content\/uploads\/2025\/09\/Bleu-White-Illustrated-Work-Planning-Presentation-2048x1152.png 2048w\" sizes=\"(max-width: 1020px) 100vw, 1020px\" \/>\t\t\t\t\t\t\n\t\t\t\t\t<\/div>\n\t\t\t\t\t\t<\/a>\t\t\n<style scope=\"scope\">\n\n#image_117171078 {\n  width: 100%;\n}\n<\/style>\n\t<\/div>\n\t\n\t<div class=\"img has-hover x md-x lg-x y md-y lg-y\" id=\"image_2092941323\">\n\t\t<a class=\"\" href=\"https:\/\/colegiofemar.cl\/web\/2024\/05\/15\/ley-de-autismo\/\" target=\"_self\" >\t\t\t\t\t\t<div class=\"img-inner dark\" >\n\t\t\t<img width=\"844\" height=\"475\" src=\"https:\/\/colegiofemar.cl\/web\/wp-content\/uploads\/2024\/05\/1677789586-foto-7.jpg.jpeg\" class=\"attachment-large size-large\" alt=\"\" decoding=\"async\" loading=\"lazy\" srcset=\"https:\/\/colegiofemar.cl\/web\/wp-content\/uploads\/2024\/05\/1677789586-foto-7.jpg.jpeg 844w, https:\/\/colegiofemar.cl\/web\/wp-content\/uploads\/2024\/05\/1677789586-foto-7.jpg-300x169.jpeg 300w, https:\/\/colegiofemar.cl\/web\/wp-content\/uploads\/2024\/05\/1677789586-foto-7.jpg-768x432.jpeg 768w\" sizes=\"(max-width: 844px) 100vw, 844px\" \/>\t\t\t\t\t\t\n\t\t\t\t\t<\/div>\n\t\t\t\t\t\t<\/a>\t\t\n<style scope=\"scope\">\n\n#image_2092941323 {\n  width: 100%;\n}\n<\/style>\n\t<\/div>\n\t\n\t<div class=\"img has-hover x md-x lg-x y md-y lg-y\" id=\"image_807556947\">\n\t\t<a class=\"\" href=\"https:\/\/docs.google.com\/presentation\/d\/1bOXz6R9t02B-4dsTtN7RrB4cwYbjB2Tu\/edit?usp=sharing&ouid=107249443276828341238&rtpof=true&sd=true\" target=\"_self\" >\t\t\t\t\t\t<div class=\"img-inner dark\" >\n\t\t\t<img width=\"1020\" height=\"645\" src=\"https:\/\/colegiofemar.cl\/web\/wp-content\/uploads\/2026\/03\/textos-escolares-banner-1024x648.png\" class=\"attachment-large size-large\" alt=\"\" decoding=\"async\" loading=\"lazy\" srcset=\"https:\/\/colegiofemar.cl\/web\/wp-content\/uploads\/2026\/03\/textos-escolares-banner-1024x648.png 1024w, https:\/\/colegiofemar.cl\/web\/wp-content\/uploads\/2026\/03\/textos-escolares-banner-300x190.png 300w, https:\/\/colegiofemar.cl\/web\/wp-content\/uploads\/2026\/03\/textos-escolares-banner-768x486.png 768w, https:\/\/colegiofemar.cl\/web\/wp-content\/uploads\/2026\/03\/textos-escolares-banner-1536x972.png 1536w, https:\/\/colegiofemar.cl\/web\/wp-content\/uploads\/2026\/03\/textos-escolares-banner-2048x1295.png 2048w\" sizes=\"(max-width: 1020px) 100vw, 1020px\" \/>\t\t\t\t\t\t\n\t\t\t\t\t<\/div>\n\t\t\t\t\t\t<\/a>\t\t\n<style scope=\"scope\">\n\n#image_807556947 {\n  width: 100%;\n}\n<\/style>\n\t<\/div>\n\t\n\t<div class=\"img has-hover x md-x lg-x y md-y lg-y\" id=\"image_1443504430\">\n\t\t<a class=\"\" href=\"https:\/\/docs.google.com\/spreadsheets\/d\/1FNQ58dz87nHuQVXro_CUaYgJ1EgfT2u8\/edit?usp=sharing&ouid=107249443276828341238&rtpof=true&sd=true\" target=\"_blank\" rel=\"noopener noreferrer\" >\t\t\t\t\t\t<div class=\"img-inner dark\" >\n\t\t\t<img width=\"1020\" height=\"537\" src=\"https:\/\/colegiofemar.cl\/web\/wp-content\/uploads\/2026\/03\/Calendario-2026-1024x539.png\" class=\"attachment-large size-large\" alt=\"\" decoding=\"async\" loading=\"lazy\" srcset=\"https:\/\/colegiofemar.cl\/web\/wp-content\/uploads\/2026\/03\/Calendario-2026-1024x539.png 1024w, https:\/\/colegiofemar.cl\/web\/wp-content\/uploads\/2026\/03\/Calendario-2026-300x158.png 300w, https:\/\/colegiofemar.cl\/web\/wp-content\/uploads\/2026\/03\/Calendario-2026-768x404.png 768w, https:\/\/colegiofemar.cl\/web\/wp-content\/uploads\/2026\/03\/Calendario-2026-1536x808.png 1536w, https:\/\/colegiofemar.cl\/web\/wp-content\/uploads\/2026\/03\/Calendario-2026-2048x1077.png 2048w\" sizes=\"(max-width: 1020px) 100vw, 1020px\" \/>\t\t\t\t\t\t\n\t\t\t\t\t<\/div>\n\t\t\t\t\t\t<\/a>\t\t\n<style scope=\"scope\">\n\n#image_1443504430 {\n  width: 100%;\n}\n<\/style>\n\t<\/div>\n\t\n\t<div class=\"img has-hover x md-x lg-x y md-y lg-y\" id=\"image_1793525929\">\n\t\t<a class=\"\" href=\"https:\/\/docs.google.com\/spreadsheets\/d\/1d2yf2Gvht357urtALaU5E-93MkoG1rj1\/edit?usp=sharing&ouid=107249443276828341238&rtpof=true&sd=true\" target=\"_blank\" rel=\"noopener noreferrer\" >\t\t\t\t\t\t<div class=\"img-inner dark\" >\n\t\t\t<img width=\"1020\" height=\"403\" src=\"https:\/\/colegiofemar.cl\/web\/wp-content\/uploads\/2026\/03\/Horario-2026-1024x405.png\" class=\"attachment-large size-large\" alt=\"\" decoding=\"async\" loading=\"lazy\" srcset=\"https:\/\/colegiofemar.cl\/web\/wp-content\/uploads\/2026\/03\/Horario-2026-1024x405.png 1024w, https:\/\/colegiofemar.cl\/web\/wp-content\/uploads\/2026\/03\/Horario-2026-300x119.png 300w, https:\/\/colegiofemar.cl\/web\/wp-content\/uploads\/2026\/03\/Horario-2026-768x304.png 768w, https:\/\/colegiofemar.cl\/web\/wp-content\/uploads\/2026\/03\/Horario-2026-1536x608.png 1536w, https:\/\/colegiofemar.cl\/web\/wp-content\/uploads\/2026\/03\/Horario-2026-2048x810.png 2048w\" sizes=\"(max-width: 1020px) 100vw, 1020px\" \/>\t\t\t\t\t\t\n\t\t\t\t\t<\/div>\n\t\t\t\t\t\t<\/a>\t\t\n<style scope=\"scope\">\n\n#image_1793525929 {\n  width: 100%;\n}\n<\/style>\n\t<\/div>\n\t\n<p>\n\t<div class=\"img has-hover x md-x lg-x y md-y lg-y\" id=\"image_943092555\">\n\t\t<a class=\"\" href=\"https:\/\/form.jotform.com\/242404008017645\" target=\"_blank\" rel=\"noopener noreferrer\" >\t\t\t\t\t\t<div class=\"img-inner dark\" >\n\t\t\t<img width=\"1020\" height=\"576\" src=\"https:\/\/colegiofemar.cl\/web\/wp-content\/uploads\/2022\/05\/Reserva-hora-1-1024x578.jpg\" class=\"attachment-large size-large\" alt=\"\" decoding=\"async\" loading=\"lazy\" srcset=\"https:\/\/colegiofemar.cl\/web\/wp-content\/uploads\/2022\/05\/Reserva-hora-1-1024x578.jpg 1024w, https:\/\/colegiofemar.cl\/web\/wp-content\/uploads\/2022\/05\/Reserva-hora-1-300x169.jpg 300w, https:\/\/colegiofemar.cl\/web\/wp-content\/uploads\/2022\/05\/Reserva-hora-1-768x434.jpg 768w, https:\/\/colegiofemar.cl\/web\/wp-content\/uploads\/2022\/05\/Reserva-hora-1.jpg 1360w\" sizes=\"(max-width: 1020px) 100vw, 1020px\" \/>\t\t\t\t\t\t\n\t\t\t\t\t<\/div>\n\t\t\t\t\t\t<\/a>\t\t\n<style scope=\"scope\">\n\n#image_943092555 {\n  width: 100%;\n}\n<\/style>\n\t<\/div>\n\t\n\n\t<div class=\"img has-hover x md-x lg-x y md-y lg-y\" id=\"image_75570179\">\n\t\t<a class=\"\" href=\"https:\/\/form.jotform.com\/jcassola\/reserva-de-biblioteca\" target=\"_blank\" rel=\"noopener noreferrer\" >\t\t\t\t\t\t<div class=\"img-inner dark\" >\n\t\t\t<img width=\"1020\" height=\"576\" src=\"https:\/\/colegiofemar.cl\/web\/wp-content\/uploads\/2026\/03\/reserva-hora-cra-1024x578.png\" class=\"attachment-large size-large\" alt=\"\" decoding=\"async\" loading=\"lazy\" srcset=\"https:\/\/colegiofemar.cl\/web\/wp-content\/uploads\/2026\/03\/reserva-hora-cra-1024x578.png 1024w, https:\/\/colegiofemar.cl\/web\/wp-content\/uploads\/2026\/03\/reserva-hora-cra-300x169.png 300w, https:\/\/colegiofemar.cl\/web\/wp-content\/uploads\/2026\/03\/reserva-hora-cra-768x433.png 768w, https:\/\/colegiofemar.cl\/web\/wp-content\/uploads\/2026\/03\/reserva-hora-cra-1536x867.png 1536w, https:\/\/colegiofemar.cl\/web\/wp-content\/uploads\/2026\/03\/reserva-hora-cra-2048x1156.png 2048w\" sizes=\"(max-width: 1020px) 100vw, 1020px\" \/>\t\t\t\t\t\t\n\t\t\t\t\t<\/div>\n\t\t\t\t\t\t<\/a>\t\t\n<style scope=\"scope\">\n\n#image_75570179 {\n  width: 100%;\n}\n<\/style>\n\t<\/div>\n\t\n\n\t<div class=\"img has-hover x md-x lg-x y md-y lg-y\" id=\"image_1647713075\">\n\t\t<a class=\"\" href=\"https:\/\/form.jotform.com\/ksoza\/formulario-de-citas-lab-matemtica\" target=\"_blank\" rel=\"noopener noreferrer\" >\t\t\t\t\t\t<div class=\"img-inner dark\" >\n\t\t\t<img width=\"1020\" height=\"576\" src=\"https:\/\/colegiofemar.cl\/web\/wp-content\/uploads\/2026\/04\/Reserva-hora-matematica-1024x578.png\" class=\"attachment-large size-large\" alt=\"\" decoding=\"async\" loading=\"lazy\" srcset=\"https:\/\/colegiofemar.cl\/web\/wp-content\/uploads\/2026\/04\/Reserva-hora-matematica-1024x578.png 1024w, https:\/\/colegiofemar.cl\/web\/wp-content\/uploads\/2026\/04\/Reserva-hora-matematica-300x169.png 300w, https:\/\/colegiofemar.cl\/web\/wp-content\/uploads\/2026\/04\/Reserva-hora-matematica-768x433.png 768w, https:\/\/colegiofemar.cl\/web\/wp-content\/uploads\/2026\/04\/Reserva-hora-matematica-1536x867.png 1536w, https:\/\/colegiofemar.cl\/web\/wp-content\/uploads\/2026\/04\/Reserva-hora-matematica-2048x1156.png 2048w\" sizes=\"(max-width: 1020px) 100vw, 1020px\" \/>\t\t\t\t\t\t\n\t\t\t\t\t<\/div>\n\t\t\t\t\t\t<\/a>\t\t\n<style scope=\"scope\">\n\n#image_1647713075 {\n  width: 100%;\n}\n<\/style>\n\t<\/div>\n\t\n\n<\/p>\n\t<div class=\"img has-hover x md-x lg-x y md-y lg-y\" id=\"image_18599134\">\n\t\t<a class=\"\" href=\"https:\/\/colegiofemar.cl\/web\/pastoral\/\" target=\"_self\" >\t\t\t\t\t\t<div class=\"img-inner dark\" >\n\t\t\t<img width=\"1020\" height=\"575\" src=\"https:\/\/colegiofemar.cl\/web\/wp-content\/uploads\/2025\/06\/Pastoral-banner-1024x577.jpeg\" class=\"attachment-large size-large\" alt=\"\" decoding=\"async\" loading=\"lazy\" srcset=\"https:\/\/colegiofemar.cl\/web\/wp-content\/uploads\/2025\/06\/Pastoral-banner-1024x577.jpeg 1024w, https:\/\/colegiofemar.cl\/web\/wp-content\/uploads\/2025\/06\/Pastoral-banner-300x169.jpeg 300w, https:\/\/colegiofemar.cl\/web\/wp-content\/uploads\/2025\/06\/Pastoral-banner-768x433.jpeg 768w, https:\/\/colegiofemar.cl\/web\/wp-content\/uploads\/2025\/06\/Pastoral-banner-1536x866.jpeg 1536w, https:\/\/colegiofemar.cl\/web\/wp-content\/uploads\/2025\/06\/Pastoral-banner.jpeg 1600w\" sizes=\"(max-width: 1020px) 100vw, 1020px\" \/>\t\t\t\t\t\t\n\t\t\t\t\t<\/div>\n\t\t\t\t\t\t<\/a>\t\t\n<style scope=\"scope\">\n\n#image_18599134 {\n  width: 100%;\n}\n<\/style>\n\t<\/div>\n\t\n\t<div class=\"img has-hover x md-x lg-x y md-y lg-y\" id=\"image_591620053\">\n\t\t<a class=\"\" href=\"https:\/\/colegiofemar.cl\/web\/2025\/04\/09\/boletines-parentales\/\" target=\"_self\" >\t\t\t\t\t\t<div class=\"img-inner dark\" >\n\t\t\t<img width=\"1020\" height=\"612\" src=\"https:\/\/colegiofemar.cl\/web\/wp-content\/uploads\/2025\/04\/Picture3-2-1024x614.jpg\" class=\"attachment-large size-large\" alt=\"\" decoding=\"async\" loading=\"lazy\" srcset=\"https:\/\/colegiofemar.cl\/web\/wp-content\/uploads\/2025\/04\/Picture3-2-1024x614.jpg 1024w, https:\/\/colegiofemar.cl\/web\/wp-content\/uploads\/2025\/04\/Picture3-2-300x180.jpg 300w, https:\/\/colegiofemar.cl\/web\/wp-content\/uploads\/2025\/04\/Picture3-2-768x461.jpg 768w, https:\/\/colegiofemar.cl\/web\/wp-content\/uploads\/2025\/04\/Picture3-2-1536x922.jpg 1536w, https:\/\/colegiofemar.cl\/web\/wp-content\/uploads\/2025\/04\/Picture3-2-2048x1229.jpg 2048w\" sizes=\"(max-width: 1020px) 100vw, 1020px\" \/>\t\t\t\t\t\t\n\t\t\t\t\t<\/div>\n\t\t\t\t\t\t<\/a>\t\t\n<style scope=\"scope\">\n\n#image_591620053 {\n  width: 100%;\n}\n<\/style>\n\t<\/div>\n\t\n<p>\u00a0<\/p>\n<h3 style=\"text-align: center;\">\u00a0<\/h3>\n<p>\u00a0<\/p>\n<p>\n\n<\/div><\/div>\n<\/p>\n<p>\n\n<\/div>\n\n\t\t<\/div><!-- .section-content -->\n\n\t\t\n<style scope=\"scope\">\n\n#section_2013097173 {\n  padding-top: 30px;\n  padding-bottom: 30px;\n}\n<\/style>\n\t<\/section>\n\t\n<\/p>\n\n<\/p>\n\t<section class=\"section\" id=\"section_1268549549\">\n\t\t<div class=\"bg section-bg fill bg-fill  \" >\n\n\t\t\t\n\t\t\t<div class=\"section-bg-overlay absolute fill\"><\/div>\n\t\t\t\n\n\t\t<\/div><!-- .section-bg -->\n\n\t\t<div class=\"section-content relative\">\n\t\t\t\n\n<\/p>\n<div class=\"row\"  id=\"row-904415\">\n\n<\/p>\n<p>\n<div class=\"col small-12 large-12\"  ><div class=\"col-inner\"  >\n\n<\/p>\n<h2 style=\"text-align: center;\"><span style=\"color: #ffffff;\">Links de inter\u00e9s<\/span><\/h2>\n<p>\n\n<\/div><\/div>\n<\/p>\n<p>\n\n<\/div>\n<div class=\"row\"  id=\"row-1838663963\">\n\n<\/p>\n<div class=\"col medium-2 small-6 large-2\"  data-animate=\"fadeInLeft\"><div class=\"col-inner\"  >\n\n<\/p>\n<p>\n\t<div class=\"img has-hover x md-x lg-x y md-y lg-y\" id=\"image_1432411217\">\n\t\t<a class=\"\" href=\"https:\/\/cgacalama.cl\/portal\/\" target=\"_blank\" rel=\"noopener noreferrer\" >\t\t\t\t\t\t<div class=\"img-inner dark\" >\n\t\t\t<img width=\"192\" height=\"192\" src=\"https:\/\/colegiofemar.cl\/web\/wp-content\/uploads\/2022\/03\/1cga.png\" class=\"attachment-large size-large\" alt=\"\" decoding=\"async\" loading=\"lazy\" srcset=\"https:\/\/colegiofemar.cl\/web\/wp-content\/uploads\/2022\/03\/1cga.png 192w, https:\/\/colegiofemar.cl\/web\/wp-content\/uploads\/2022\/03\/1cga-150x150.png 150w\" sizes=\"(max-width: 192px) 100vw, 192px\" \/>\t\t\t\t\t\t\n\t\t\t\t\t<\/div>\n\t\t\t\t\t\t<\/a>\t\t\n<style scope=\"scope\">\n\n#image_1432411217 {\n  width: 100%;\n}\n<\/style>\n\t<\/div>\n\t\n\n<\/p>\n<p style=\"text-align: center;\"><span style=\"color: #ffffff;\"><strong>Colegio CGA Calama<\/strong><\/span><\/p>\n<p>\n\n<\/div><\/div>\n<div class=\"col medium-2 small-6 large-2\"  data-animate=\"fadeInLeft\"><div class=\"col-inner\"  >\n\n<\/p>\n\t<div class=\"img has-hover x md-x lg-x y md-y lg-y\" id=\"image_676091157\">\n\t\t<a class=\"\" href=\"https:\/\/colegioascensionnicol.cl\/web\/\" target=\"_blank\" rel=\"noopener noreferrer\" >\t\t\t\t\t\t<div class=\"img-inner dark\" >\n\t\t\t<img width=\"192\" height=\"192\" src=\"https:\/\/colegiofemar.cl\/web\/wp-content\/uploads\/2022\/03\/2Ascension.png\" class=\"attachment-large size-large\" alt=\"\" decoding=\"async\" loading=\"lazy\" srcset=\"https:\/\/colegiofemar.cl\/web\/wp-content\/uploads\/2022\/03\/2Ascension.png 192w, https:\/\/colegiofemar.cl\/web\/wp-content\/uploads\/2022\/03\/2Ascension-150x150.png 150w\" sizes=\"(max-width: 192px) 100vw, 192px\" \/>\t\t\t\t\t\t\n\t\t\t\t\t<\/div>\n\t\t\t\t\t\t<\/a>\t\t\n<style scope=\"scope\">\n\n#image_676091157 {\n  width: 100%;\n}\n<\/style>\n\t<\/div>\n\t\n<p style=\"text-align: center;\"><span style=\"color: #ffffff;\"><strong>Colegio Ascensi\u00f3n Nicol <\/strong><\/span><\/p>\n<p>\n\n<\/div><\/div>\n<\/p>\n<div class=\"col medium-2 small-6 large-2\"  data-animate=\"fadeInLeft\"><div class=\"col-inner\"  >\n\n<\/p>\n\t<div class=\"img has-hover x md-x lg-x y md-y lg-y\" id=\"image_1667703647\">\n\t\t<a class=\"\" href=\"https:\/\/www.hnasmdr.org\/\" target=\"_blank\" rel=\"noopener noreferrer\" >\t\t\t\t\t\t<div class=\"img-inner dark\" >\n\t\t\t<img width=\"192\" height=\"192\" src=\"https:\/\/colegiofemar.cl\/web\/wp-content\/uploads\/2022\/03\/3mdr.png\" class=\"attachment-large size-large\" alt=\"\" decoding=\"async\" loading=\"lazy\" srcset=\"https:\/\/colegiofemar.cl\/web\/wp-content\/uploads\/2022\/03\/3mdr.png 192w, https:\/\/colegiofemar.cl\/web\/wp-content\/uploads\/2022\/03\/3mdr-150x150.png 150w\" sizes=\"(max-width: 192px) 100vw, 192px\" \/>\t\t\t\t\t\t\n\t\t\t\t\t<\/div>\n\t\t\t\t\t\t<\/a>\t\t\n<style scope=\"scope\">\n\n#image_1667703647 {\n  width: 100%;\n}\n<\/style>\n\t<\/div>\n\t\n<p style=\"text-align: center;\"><span style=\"color: #ffffff;\"><strong>Portal MDR<\/strong><\/span><\/p>\n<p>\n\n<\/div><\/div>\n<\/p>\n<div class=\"col medium-2 small-6 large-2\"  data-animate=\"fadeInLeft\"><div class=\"col-inner\"  >\n\n<\/p>\n\t<div class=\"img has-hover x md-x lg-x y md-y lg-y\" id=\"image_359122365\">\n\t\t<a class=\"\" href=\"https:\/\/www.facebook.com\/PastoralJuvenilMDR\" target=\"_blank\" rel=\"noopener noreferrer\" >\t\t\t\t\t\t<div class=\"img-inner dark\" >\n\t\t\t<img width=\"192\" height=\"192\" src=\"https:\/\/colegiofemar.cl\/web\/wp-content\/uploads\/2022\/03\/4PJV.png\" class=\"attachment-large size-large\" alt=\"\" decoding=\"async\" loading=\"lazy\" srcset=\"https:\/\/colegiofemar.cl\/web\/wp-content\/uploads\/2022\/03\/4PJV.png 192w, https:\/\/colegiofemar.cl\/web\/wp-content\/uploads\/2022\/03\/4PJV-150x150.png 150w\" sizes=\"(max-width: 192px) 100vw, 192px\" \/>\t\t\t\t\t\t\n\t\t\t\t\t<\/div>\n\t\t\t\t\t\t<\/a>\t\t\n<style scope=\"scope\">\n\n#image_359122365 {\n  width: 100%;\n}\n<\/style>\n\t<\/div>\n\t\n<p style=\"text-align: center;\"><span style=\"color: #ffffff;\"><strong>Pastoral Juvenil MDR<\/strong><\/span><\/p>\n<p>\n\n<\/div><\/div>\n<\/p>\n<div class=\"col medium-2 small-12 large-2\"  data-animate=\"fadeInLeft\"><div class=\"col-inner\"  >\n\n<\/p>\n\t<div class=\"img has-hover x md-x lg-x y md-y lg-y\" id=\"image_1008335784\">\n\t\t<a class=\"\" href=\"https:\/\/colegiofemar.cl\/web\/correos-docentes\/\" target=\"_self\" >\t\t\t\t\t\t<div class=\"img-inner dark\" >\n\t\t\t<img width=\"192\" height=\"192\" src=\"https:\/\/colegiofemar.cl\/web\/wp-content\/uploads\/2022\/03\/5correos.png\" class=\"attachment-large size-large\" alt=\"\" decoding=\"async\" loading=\"lazy\" srcset=\"https:\/\/colegiofemar.cl\/web\/wp-content\/uploads\/2022\/03\/5correos.png 192w, https:\/\/colegiofemar.cl\/web\/wp-content\/uploads\/2022\/03\/5correos-150x150.png 150w\" sizes=\"(max-width: 192px) 100vw, 192px\" \/>\t\t\t\t\t\t\n\t\t\t\t\t<\/div>\n\t\t\t\t\t\t<\/a>\t\t\n<style scope=\"scope\">\n\n#image_1008335784 {\n  width: 100%;\n}\n<\/style>\n\t<\/div>\n\t\n<p style=\"text-align: center;\"><span style=\"color: #ffffff;\"><strong>Correos docentes Femar<\/strong><\/span><\/p>\n<p>\n\n<\/div><\/div>\n<\/p>\n<div class=\"col medium-2 small-12 large-2\"  data-animate=\"fadeInLeft\"><div class=\"col-inner\"  >\n\n<\/p>\n\t<div class=\"img has-hover x md-x lg-x y md-y lg-y\" id=\"image_967457370\">\n\t\t<a class=\"\" href=\"https:\/\/www.hmdr.cl\/inicio\/\" target=\"_blank\" rel=\"noopener noreferrer\" >\t\t\t\t\t\t<div class=\"img-inner dark\" >\n\t\t\t<img width=\"192\" height=\"192\" src=\"https:\/\/colegiofemar.cl\/web\/wp-content\/uploads\/2022\/03\/6Plataforma.png\" class=\"attachment-large size-large\" alt=\"\" decoding=\"async\" loading=\"lazy\" srcset=\"https:\/\/colegiofemar.cl\/web\/wp-content\/uploads\/2022\/03\/6Plataforma.png 192w, https:\/\/colegiofemar.cl\/web\/wp-content\/uploads\/2022\/03\/6Plataforma-150x150.png 150w\" sizes=\"(max-width: 192px) 100vw, 192px\" \/>\t\t\t\t\t\t\n\t\t\t\t\t<\/div>\n\t\t\t\t\t\t<\/a>\t\t\n<style scope=\"scope\">\n\n#image_967457370 {\n  width: 100%;\n}\n<\/style>\n\t<\/div>\n\t\n<p style=\"text-align: center;\"><span style=\"color: #ffffff;\"><strong>Plataforma de aprendizaje<\/strong><\/span><\/p>\n<p>\n\n<\/div><\/div>\n<\/p>\n<p>\n\n<\/div>\n<\/p>\n<p>\n\n\t\t<\/div><!-- .section-content -->\n\n\t\t\n<style scope=\"scope\">\n\n#section_1268549549 {\n  padding-top: 60px;\n  padding-bottom: 60px;\n  background-color: rgb(13, 72, 149);\n}\n#section_1268549549 .section-bg-overlay {\n  background-color: rgba(13, 72, 149, 0.78);\n}\n#section_1268549549 .section-bg.bg-loaded {\n  background-image: url(https:\/\/colegiofemar.cl\/web\/wp-content\/uploads\/2022\/03\/IMG_5767.jpg);\n}\n<\/style>\n\t<\/section>\n\t\n<\/p>\n\n<\/p>\n<div class=\"row\"  id=\"row-499415043\">\n\n<\/p>\n<div class=\"col small-12 large-12\"  ><div class=\"col-inner\"  >\n\n<\/p>\n<h1 style=\"text-align: center;\"><strong>Importantes<\/strong><\/h1>\n<p>\n\n<\/div><\/div>\n<p>\n\n<\/div>\n<\/p>\n\t<section class=\"section\" id=\"section_560447276\">\n\t\t<div class=\"bg section-bg fill bg-fill  bg-loaded\" >\n\n\t\t\t\n\t\t\t\n\t\t\t\n\n\t\t<\/div><!-- .section-bg -->\n\n\t\t<div class=\"section-content relative\">\n\t\t\t\n\n<\/p>\n<div class=\"row row-full-width\"  id=\"row-194545496\">\n\n<\/p>\n<p>\n<div class=\"col medium-4 small-12 large-4\"  ><div class=\"col-inner\"  >\n\n<\/p>\n<p>\n<div class=\"video video-fit mb\" style=\"padding-top:56.25%;\"><p><iframe loading=\"lazy\" title=\"\u00bfQue son las necesidades educativas especiales? NEE colegio FEMAR\" width=\"1020\" height=\"574\" src=\"https:\/\/www.youtube.com\/embed\/HfXfwL_76_s?feature=oembed\" frameborder=\"0\" allow=\"accelerometer; autoplay; clipboard-write; encrypted-media; gyroscope; picture-in-picture; web-share\" referrerpolicy=\"strict-origin-when-cross-origin\" allowfullscreen><\/iframe><\/p>\n<\/div>\n\n<\/p>\n<p>\n\n<\/div><\/div>\n<\/p>\n<div class=\"col medium-4 small-12 large-4\"  ><div class=\"col-inner\"  >\n\n<\/p>\n<p>\n<div class=\"video video-fit mb\" style=\"padding-top:56.25%;\"><p><iframe loading=\"lazy\" title=\"Herramientas para contener situaciones en crisis en ni\u00f1as y adolescentes dentro de un hogar. FEMAR\" width=\"1020\" height=\"574\" src=\"https:\/\/www.youtube.com\/embed\/lE7aM69jqV8?feature=oembed\" frameborder=\"0\" allow=\"accelerometer; autoplay; clipboard-write; encrypted-media; gyroscope; picture-in-picture; web-share\" referrerpolicy=\"strict-origin-when-cross-origin\" allowfullscreen><\/iframe><\/p>\n<\/div>\n\n<\/p>\n<p>\n\n<\/div><\/div>\n<\/p>\n<div class=\"col medium-4 small-12 large-4\"  ><div class=\"col-inner\"  >\n\n<\/p>\n<p>\n<div class=\"video video-fit mb\" style=\"padding-top:56.25%;\"><p><iframe loading=\"lazy\" title=\"Bono Covid ingreso de emergencia\" width=\"1020\" height=\"574\" src=\"https:\/\/www.youtube.com\/embed\/rsJAoPRQJOg?feature=oembed\" frameborder=\"0\" allow=\"accelerometer; autoplay; clipboard-write; encrypted-media; gyroscope; picture-in-picture; web-share\" referrerpolicy=\"strict-origin-when-cross-origin\" allowfullscreen><\/iframe><\/p>\n<\/div>\n\n<\/p>\n<p>\n\n<\/div><\/div>\n<\/p>\n<p>\n\n\n<style scope=\"scope\">\n\n<\/style>\n<\/div>\n<p>\n\n\t\t<\/div><!-- .section-content -->\n\n\t\t\n<style scope=\"scope\">\n\n#section_560447276 {\n  padding-top: 30px;\n  padding-bottom: 30px;\n}\n<\/style>\n\t<\/section>\n\t\n<\/p>\n<p><\/p>\n<figure class=\"wp-block-image\"><img alt=\"\"\/><\/figure>\n<p><\/p>","protected":false},"excerpt":{"rendered":"","protected":false},"author":1,"featured_media":0,"parent":0,"menu_order":0,"comment_status":"closed","ping_status":"closed","template":"page-blank.php","meta":[],"_links":{"self":[{"href":"https:\/\/colegiofemar.cl\/web\/wp-json\/wp\/v2\/pages\/7"}],"collection":[{"href":"https:\/\/colegiofemar.cl\/web\/wp-json\/wp\/v2\/pages"}],"about":[{"href":"https:\/\/colegiofemar.cl\/web\/wp-json\/wp\/v2\/types\/page"}],"author":[{"embeddable":true,"href":"https:\/\/colegiofemar.cl\/web\/wp-json\/wp\/v2\/users\/1"}],"replies":[{"embeddable":true,"href":"https:\/\/colegiofemar.cl\/web\/wp-json\/wp\/v2\/comments?post=7"}],"version-history":[{"count":132,"href":"https:\/\/colegiofemar.cl\/web\/wp-json\/wp\/v2\/pages\/7\/revisions"}],"predecessor-version":[{"id":4379,"href":"https:\/\/colegiofemar.cl\/web\/wp-json\/wp\/v2\/pages\/7\/revisions\/4379"}],"wp:attachment":[{"href":"https:\/\/colegiofemar.cl\/web\/wp-json\/wp\/v2\/media?parent=7"}],"curies":[{"name":"wp","href":"https:\/\/api.w.org\/{rel}","templated":true}]}}