{"id":77,"date":"2021-04-28T15:42:45","date_gmt":"2021-04-28T15:42:45","guid":{"rendered":"http:\/\/colegiofemar.cl\/web\/?page_id=77"},"modified":"2022-03-25T15:00:02","modified_gmt":"2022-03-25T15:00:02","slug":"mision-y-vision","status":"publish","type":"page","link":"https:\/\/colegiofemar.cl\/web\/mision-y-vision\/","title":{"rendered":"Misi\u00f3n y Visi\u00f3n"},"content":{"rendered":"<div class=\"slider-wrapper relative \" id=\"slider-245016938\" >\n    <div class=\"slider slider-nav-circle slider-nav-large slider-nav-light slider-style-normal\"\n        data-flickity-options='{\n            \"cellAlign\": \"center\",\n            \"imagesLoaded\": true,\n            \"lazyLoad\": 1,\n            \"freeScroll\": false,\n            \"wrapAround\": true,\n            \"autoPlay\": 6000,\n            \"pauseAutoPlayOnHover\" : true,\n            \"prevNextButtons\": true,\n            \"contain\" : true,\n            \"adaptiveHeight\" : true,\n            \"dragThreshold\" : 5,\n            \"percentPosition\": true,\n            \"pageDots\": true,\n            \"rightToLeft\": false,\n            \"draggable\": true,\n            \"selectedAttraction\": 0.1,\n            \"parallax\" : 0,\n            \"friction\": 0.6        }'\n        >\n        \n\n  <div class=\"banner has-hover has-parallax\" id=\"banner-877414024\">\n          <div class=\"banner-inner fill\">\n        <div class=\"banner-bg fill\" data-parallax=\"-4\" data-parallax-container=\".banner\" data-parallax-background>\n            <div class=\"bg fill bg-fill \"><\/div>\n                        <div class=\"overlay\"><\/div>            \n                    <\/div><!-- bg-layers -->\n        <div class=\"banner-layers container\">\n            <div class=\"fill banner-link\"><\/div>            \n   <div id=\"text-box-105747091\" class=\"text-box banner-layer x50 md-x50 lg-x50 y50 md-y50 lg-y50 res-text\">\n                                <div class=\"text dark\">\n              \n              <div class=\"text-inner text-center\">\n                  \n<h2 style=\"text-align: center;\"><strong>Misi\u00f3n y Visi\u00f3n<\/strong><\/h2>\n<p style=\"text-align: center;\"><strong>Colegio Femenino Madre del Rosario<\/strong><\/p>\n              <\/div>\n           <\/div><!-- text-box-inner -->\n                            \n<style scope=\"scope\">\n\n#text-box-105747091 {\n  width: 60%;\n}\n#text-box-105747091 .text {\n  font-size: 100%;\n}\n<\/style>\n    <\/div><!-- text-box -->\n \n        <\/div><!-- .banner-layers -->\n      <\/div><!-- .banner-inner -->\n\n            \n<style scope=\"scope\">\n\n#banner-877414024 {\n  padding-top: 20%;\n  background-color: rgba(13, 72, 149, 0.85);\n}\n#banner-877414024 .bg.bg-loaded {\n  background-image: url(https:\/\/colegiofemar.cl\/web\/wp-content\/uploads\/2022\/03\/275142769_2973120522998776_973471735672500457_n.jpg);\n}\n#banner-877414024 .overlay {\n  background-color: rgba(13, 72, 149, 0.85);\n}\n#banner-877414024 .bg {\n  background-position: 51% 60%;\n}\n<\/style>\n  <\/div><!-- .banner -->\n\n\n     <\/div>\n\n     <div class=\"loading-spin dark large centered\"><\/div>\n\n     <style scope=\"scope\">\n             <\/style>\n<\/div><!-- .ux-slider-wrapper -->\n\n\n\t<section class=\"section\" id=\"section_1682998721\">\n\t\t<div class=\"bg section-bg fill bg-fill  bg-loaded\" >\n\n\t\t\t\n\t\t\t\n\t\t\t\n\n\t\t<\/div><!-- .section-bg -->\n\n\t\t<div class=\"section-content relative\">\n\t\t\t\n<div class=\"row\"  id=\"row-1849998305\">\n<div class=\"col medium-5 small-12 large-5\"  data-animate=\"fadeInLeft\"><div class=\"col-inner text-center\"  >\n\t<div class=\"img has-hover x md-x lg-x y md-y lg-y\" id=\"image_1942880825\">\n\t\t\t\t\t\t\t\t<div class=\"img-inner dark\" >\n\t\t\t<img width=\"349\" height=\"410\" src=\"https:\/\/colegiofemar.cl\/web\/wp-content\/uploads\/2022\/03\/femar2.jpg\" class=\"attachment-large size-large\" alt=\"\" decoding=\"async\" loading=\"lazy\" srcset=\"https:\/\/colegiofemar.cl\/web\/wp-content\/uploads\/2022\/03\/femar2.jpg 349w, https:\/\/colegiofemar.cl\/web\/wp-content\/uploads\/2022\/03\/femar2-255x300.jpg 255w\" sizes=\"(max-width: 349px) 100vw, 349px\" \/>\t\t\t\t\t\t\n\t\t\t\t\t<\/div>\n\t\t\t\t\t\t\t\t\n<style scope=\"scope\">\n\n#image_1942880825 {\n  width: 54%;\n}\n<\/style>\n\t<\/div>\n\t\n<\/div><\/div>\n<div class=\"col medium-7 small-12 large-7\"  data-animate=\"fadeInLeft\"><div class=\"col-inner text-center\"  >\n<div class=\"is-divider divider clearfix\" style=\"max-width:300px;background-color:rgb(10, 45, 132);\"><\/div><!-- .divider -->\n<h1 class=\"entry-title\" style=\"text-align: center;\">NUESTRA MISI\u00d3N<\/h1>\n<p style=\"text-align: center;\"><em><span style=\"font-size: 130%;\">Somos una red educativa de Misioneras Dominicas del Rosario que brinda una educaci\u00f3n evangelizadora, integral y de calidad a estudiantes de diversos contextos, para que desarrollen su proyecto de vida y sean l\u00edderes transformadores de la sociedad.<\/span><\/em><\/p>\n<div class=\"is-divider divider clearfix\" style=\"max-width:300px;background-color:rgb(10, 45, 132);\"><\/div><!-- .divider -->\n<\/div><\/div>\n<\/div>\n\t\t<\/div><!-- .section-content -->\n\n\t\t\n<style scope=\"scope\">\n\n#section_1682998721 {\n  padding-top: 30px;\n  padding-bottom: 30px;\n  background-color: rgb(255, 255, 255);\n}\n<\/style>\n\t<\/section>\n\t\n\t<section class=\"section\" id=\"section_1510245136\">\n\t\t<div class=\"bg section-bg fill bg-fill  bg-loaded\" >\n\n\t\t\t\n\t\t\t\n\t\t\t\n\n\t\t<\/div><!-- .section-bg -->\n\n\t\t<div class=\"section-content relative\">\n\t\t\t\n<div class=\"row\"  id=\"row-1952117103\">\n<div class=\"col medium-6 small-12 large-6\"  data-animate=\"fadeInLeft\"><div class=\"col-inner text-center\"  >\n<div class=\"is-divider divider clearfix\" style=\"max-width:300px;background-color:rgb(10, 45, 132);\"><\/div><!-- .divider -->\n<h1 class=\"entry-title\" style=\"text-align: center;\">NUESTRA VISI\u00d3N<\/h1>\n<p style=\"text-align: center;\"><em>La red de instituciones educativas Misiones Dominicas del Rosario aspira a ofrecer una propuesta educativa evangelizadora para ni\u00f1os, ni\u00f1as y j\u00f3venes, cimentada en los valores del Evangelio y la Espiritualidad Dominicana, mediante una formaci\u00f3n humanizante, integral, transformadora, liberadora e inclusiva que, dando respuesta a las necesidades de hoy, forme j\u00f3venes l\u00edderes capaces de transformar la sociedad.<\/em><\/p>\n<div class=\"is-divider divider clearfix\" style=\"max-width:300px;background-color:rgb(10, 45, 132);\"><\/div><!-- .divider -->\n<\/div><\/div>\n<div class=\"col medium-6 small-12 large-6\"  data-animate=\"fadeInLeft\"><div class=\"col-inner text-center\"  >\n\t<div class=\"img has-hover x md-x lg-x y md-y lg-y\" id=\"image_1628556058\">\n\t\t\t\t\t\t\t\t<div class=\"img-inner dark\" >\n\t\t\t<img width=\"300\" height=\"244\" src=\"https:\/\/colegiofemar.cl\/web\/wp-content\/uploads\/2021\/05\/fundadores-300x244-1.jpg\" class=\"attachment-large size-large\" alt=\"\" decoding=\"async\" loading=\"lazy\" \/>\t\t\t\t\t\t\n\t\t\t\t\t<\/div>\n\t\t\t\t\t\t\t\t\n<style scope=\"scope\">\n\n#image_1628556058 {\n  width: 75%;\n}\n<\/style>\n\t<\/div>\n\t\n<\/div><\/div>\n<\/div>\n\t\t<\/div><!-- .section-content -->\n\n\t\t\n<style scope=\"scope\">\n\n#section_1510245136 {\n  padding-top: 30px;\n  padding-bottom: 30px;\n  background-color: rgb(255, 255, 255);\n}\n<\/style>\n\t<\/section>\n\t\n","protected":false},"excerpt":{"rendered":"","protected":false},"author":1,"featured_media":0,"parent":0,"menu_order":0,"comment_status":"closed","ping_status":"closed","template":"page-blank.php","meta":[],"_links":{"self":[{"href":"https:\/\/colegiofemar.cl\/web\/wp-json\/wp\/v2\/pages\/77"}],"collection":[{"href":"https:\/\/colegiofemar.cl\/web\/wp-json\/wp\/v2\/pages"}],"about":[{"href":"https:\/\/colegiofemar.cl\/web\/wp-json\/wp\/v2\/types\/page"}],"author":[{"embeddable":true,"href":"https:\/\/colegiofemar.cl\/web\/wp-json\/wp\/v2\/users\/1"}],"replies":[{"embeddable":true,"href":"https:\/\/colegiofemar.cl\/web\/wp-json\/wp\/v2\/comments?post=77"}],"version-history":[{"count":7,"href":"https:\/\/colegiofemar.cl\/web\/wp-json\/wp\/v2\/pages\/77\/revisions"}],"predecessor-version":[{"id":1440,"href":"https:\/\/colegiofemar.cl\/web\/wp-json\/wp\/v2\/pages\/77\/revisions\/1440"}],"wp:attachment":[{"href":"https:\/\/colegiofemar.cl\/web\/wp-json\/wp\/v2\/media?parent=77"}],"curies":[{"name":"wp","href":"https:\/\/api.w.org\/{rel}","templated":true}]}}