{"id":80,"date":"2021-04-28T15:42:45","date_gmt":"2021-04-28T15:42:45","guid":{"rendered":"http:\/\/colegiofemar.cl\/web\/?page_id=80"},"modified":"2026-03-12T13:45:21","modified_gmt":"2026-03-12T13:45:21","slug":"docentes","status":"publish","type":"page","link":"https:\/\/colegiofemar.cl\/web\/docentes\/","title":{"rendered":"Docentes"},"content":{"rendered":"<div class=\"slider-wrapper relative \" id=\"slider-1660905788\" >\n    <div class=\"slider slider-nav-circle slider-nav-large slider-nav-light slider-style-normal\"\n        data-flickity-options='{\n            \"cellAlign\": \"center\",\n            \"imagesLoaded\": true,\n            \"lazyLoad\": 1,\n            \"freeScroll\": false,\n            \"wrapAround\": true,\n            \"autoPlay\": 6000,\n            \"pauseAutoPlayOnHover\" : true,\n            \"prevNextButtons\": true,\n            \"contain\" : true,\n            \"adaptiveHeight\" : true,\n            \"dragThreshold\" : 5,\n            \"percentPosition\": true,\n            \"pageDots\": true,\n            \"rightToLeft\": false,\n            \"draggable\": true,\n            \"selectedAttraction\": 0.1,\n            \"parallax\" : 0,\n            \"friction\": 0.6        }'\n        >\n        \n\n  <div class=\"banner has-hover has-parallax\" id=\"banner-38980808\">\n          <div class=\"banner-inner fill\">\n        <div class=\"banner-bg fill\" data-parallax=\"-4\" data-parallax-container=\".banner\" data-parallax-background>\n            <div class=\"bg fill bg-fill \"><\/div>\n                        <div class=\"overlay\"><\/div>            \n                    <\/div><!-- bg-layers -->\n        <div class=\"banner-layers container\">\n            <div class=\"fill banner-link\"><\/div>            \n   <div id=\"text-box-71878437\" class=\"text-box banner-layer x50 md-x50 lg-x50 y50 md-y50 lg-y50 res-text\">\n                                <div class=\"text dark\">\n              \n              <div class=\"text-inner text-center\">\n                  \n<h2 style=\"text-align: center;\"><strong>Docentes<\/strong><\/h2>\n<p style=\"text-align: center;\"><strong>Colegio Femenino Madre del Rosario<\/strong><\/p>\n              <\/div>\n           <\/div><!-- text-box-inner -->\n                            \n<style scope=\"scope\">\n\n#text-box-71878437 {\n  width: 60%;\n}\n#text-box-71878437 .text {\n  font-size: 100%;\n}\n<\/style>\n    <\/div><!-- text-box -->\n \n        <\/div><!-- .banner-layers -->\n      <\/div><!-- .banner-inner -->\n\n            \n<style scope=\"scope\">\n\n#banner-38980808 {\n  padding-top: 20%;\n  background-color: rgba(13, 72, 149, 0.85);\n}\n#banner-38980808 .bg.bg-loaded {\n  background-image: url(https:\/\/colegiofemar.cl\/web\/wp-content\/uploads\/2026\/03\/docentes.png);\n}\n#banner-38980808 .overlay {\n  background-color: rgba(13, 72, 149, 0.85);\n}\n#banner-38980808 .bg {\n  background-position: 62% 60%;\n}\n<\/style>\n  <\/div><!-- .banner -->\n\n\n     <\/div>\n\n     <div class=\"loading-spin dark large centered\"><\/div>\n\n     <style scope=\"scope\">\n             <\/style>\n<\/div><!-- .ux-slider-wrapper -->\n\n\n\t<section class=\"section\" id=\"section_1889966587\">\n\t\t<div class=\"bg section-bg fill bg-fill  bg-loaded\" >\n\n\t\t\t\n\t\t\t\n\t\t\t\n\n\t\t<\/div><!-- .section-bg -->\n\n\t\t<div class=\"section-content relative\">\n\t\t\t\n<div class=\"row\"  id=\"row-1388121218\">\n<div class=\"col medium-3 small-6 large-3\"  ><div class=\"col-inner\"  >\n    <div class=\"box has-hover has-hover box-text-bottom\" >\n\n                  <div class=\"box-image \" style=\"width:90%;\">\n           <div class=\"box-image-inner image-cover\" style=\"border-radius:100%;padding-top:100%;\">\n              <img width=\"3460\" height=\"4212\" src=\"https:\/\/colegiofemar.cl\/web\/wp-content\/uploads\/2026\/03\/IMG_6914-rotated-e1772677985965.jpg\" class=\"attachment- size-\" alt=\"\" decoding=\"async\" loading=\"lazy\" srcset=\"https:\/\/colegiofemar.cl\/web\/wp-content\/uploads\/2026\/03\/IMG_6914-rotated-e1772677985965.jpg 3460w, https:\/\/colegiofemar.cl\/web\/wp-content\/uploads\/2026\/03\/IMG_6914-rotated-e1772677985965-246x300.jpg 246w, https:\/\/colegiofemar.cl\/web\/wp-content\/uploads\/2026\/03\/IMG_6914-rotated-e1772677985965-841x1024.jpg 841w, https:\/\/colegiofemar.cl\/web\/wp-content\/uploads\/2026\/03\/IMG_6914-rotated-e1772677985965-768x935.jpg 768w, https:\/\/colegiofemar.cl\/web\/wp-content\/uploads\/2026\/03\/IMG_6914-rotated-e1772677985965-1262x1536.jpg 1262w, https:\/\/colegiofemar.cl\/web\/wp-content\/uploads\/2026\/03\/IMG_6914-rotated-e1772677985965-1682x2048.jpg 1682w\" sizes=\"(max-width: 3460px) 100vw, 3460px\" \/>                         <\/div>\n          <\/div><!-- box-image -->\n         \n          <div class=\"box-text text-center\" >\n                <div class=\"box-text-inner\">\n                  <h4 class=\"uppercase\">\n                    <span class=\"person-name\">Yasna Infanta<\/span><br\/>\n                    <span class=\"person-title is-small thin-font op-7\">\n                      DOCENTE TUTOR 1\u00b0 B\u00c1SICO                    <\/span>\n                  <\/h4>\n                 <div class=\"social-icons follow-icons \" ><a href=\"mailto:yinfanta@colegiofemar.cl\" data-label=\"E-mail\"  rel=\"nofollow\" class=\"icon button circle is-outline  email tooltip\" title=\"Env\u00edanos un email\"><i class=\"icon-envelop\" ><\/i><\/a><\/div>                 \n                <\/div><!-- box-text-inner -->\n          <\/div><!-- box-text -->\n    <\/div><!-- .box  -->\n\n    \n    \n<\/div><\/div>\n<div class=\"col medium-3 small-6 large-3\"  ><div class=\"col-inner\"  >\n    <div class=\"box has-hover has-hover box-text-bottom\" >\n\n                  <div class=\"box-image \" style=\"width:90%;\">\n           <div class=\"box-image-inner image-cover\" style=\"border-radius:100%;padding-top:100%;\">\n              <img width=\"3456\" height=\"5184\" src=\"https:\/\/colegiofemar.cl\/web\/wp-content\/uploads\/2026\/03\/IMG_6908-rotated.jpg\" class=\"attachment- size-\" alt=\"\" decoding=\"async\" loading=\"lazy\" srcset=\"https:\/\/colegiofemar.cl\/web\/wp-content\/uploads\/2026\/03\/IMG_6908-rotated.jpg 3456w, https:\/\/colegiofemar.cl\/web\/wp-content\/uploads\/2026\/03\/IMG_6908-200x300.jpg 200w, https:\/\/colegiofemar.cl\/web\/wp-content\/uploads\/2026\/03\/IMG_6908-683x1024.jpg 683w, https:\/\/colegiofemar.cl\/web\/wp-content\/uploads\/2026\/03\/IMG_6908-768x1152.jpg 768w, https:\/\/colegiofemar.cl\/web\/wp-content\/uploads\/2026\/03\/IMG_6908-1024x1536.jpg 1024w, https:\/\/colegiofemar.cl\/web\/wp-content\/uploads\/2026\/03\/IMG_6908-1365x2048.jpg 1365w\" sizes=\"(max-width: 3456px) 100vw, 3456px\" \/>                         <\/div>\n          <\/div><!-- box-image -->\n         \n          <div class=\"box-text text-center\" >\n                <div class=\"box-text-inner\">\n                  <h4 class=\"uppercase\">\n                    <span class=\"person-name\">Valentina Ramirez Fuentes<\/span><br\/>\n                    <span class=\"person-title is-small thin-font op-7\">\n                      DOCENTE TUTOR 2\u00b0 B\u00c1SICO                    <\/span>\n                  <\/h4>\n                 <div class=\"social-icons follow-icons \" ><a href=\"mailto:vramirez@colegiofemar.cl\" data-label=\"E-mail\"  rel=\"nofollow\" class=\"icon button circle is-outline  email tooltip\" title=\"Env\u00edanos un email\"><i class=\"icon-envelop\" ><\/i><\/a><\/div>                 \n                <\/div><!-- box-text-inner -->\n          <\/div><!-- box-text -->\n    <\/div><!-- .box  -->\n\n    \n    \n<\/div><\/div>\n<div class=\"col medium-3 small-6 large-3\"  ><div class=\"col-inner\"  >\n    <div class=\"box has-hover has-hover box-text-bottom\" >\n\n                  <div class=\"box-image \" style=\"width:90%;\">\n           <div class=\"box-image-inner image-cover\" style=\"border-radius:100%;padding-top:100%;\">\n              <img width=\"960\" height=\"812\" src=\"https:\/\/colegiofemar.cl\/web\/wp-content\/uploads\/2025\/04\/6c9bba86-2e96-4848-8a45-d89ee6f3fca2-e1744389852496.jpg\" class=\"attachment- size-\" alt=\"\" decoding=\"async\" loading=\"lazy\" srcset=\"https:\/\/colegiofemar.cl\/web\/wp-content\/uploads\/2025\/04\/6c9bba86-2e96-4848-8a45-d89ee6f3fca2-e1744389852496.jpg 960w, https:\/\/colegiofemar.cl\/web\/wp-content\/uploads\/2025\/04\/6c9bba86-2e96-4848-8a45-d89ee6f3fca2-e1744389852496-300x254.jpg 300w, https:\/\/colegiofemar.cl\/web\/wp-content\/uploads\/2025\/04\/6c9bba86-2e96-4848-8a45-d89ee6f3fca2-e1744389852496-768x650.jpg 768w\" sizes=\"(max-width: 960px) 100vw, 960px\" \/>                         <\/div>\n          <\/div><!-- box-image -->\n         \n          <div class=\"box-text text-center\" >\n                <div class=\"box-text-inner\">\n                  <h4 class=\"uppercase\">\n                    <span class=\"person-name\">Camila Gallardo Paz<\/span><br\/>\n                    <span class=\"person-title is-small thin-font op-7\">\n                      DOCENTE TUTOR DE 3\u00b0 B\u00c1SICO (EDUCACI\u00d3N F\u00cdSICA)                    <\/span>\n                  <\/h4>\n                 <div class=\"social-icons follow-icons \" ><a href=\"mailto:cgallardo@colegiofemar.cl\" data-label=\"E-mail\"  rel=\"nofollow\" class=\"icon button circle is-outline  email tooltip\" title=\"Env\u00edanos un email\"><i class=\"icon-envelop\" ><\/i><\/a><\/div>                 \n                <\/div><!-- box-text-inner -->\n          <\/div><!-- box-text -->\n    <\/div><!-- .box  -->\n\n    \n    \n<\/div><\/div>\n<div class=\"col medium-3 small-6 large-3\"  ><div class=\"col-inner\"  >\n    <div class=\"box has-hover has-hover box-text-bottom\" >\n\n                  <div class=\"box-image \" style=\"width:90%;\">\n           <div class=\"box-image-inner image-cover\" style=\"border-radius:100%;padding-top:100%;\">\n              <img width=\"500\" height=\"500\" src=\"https:\/\/colegiofemar.cl\/web\/wp-content\/uploads\/2022\/03\/Norma.jpg\" class=\"attachment- size-\" alt=\"\" decoding=\"async\" loading=\"lazy\" srcset=\"https:\/\/colegiofemar.cl\/web\/wp-content\/uploads\/2022\/03\/Norma.jpg 500w, https:\/\/colegiofemar.cl\/web\/wp-content\/uploads\/2022\/03\/Norma-300x300.jpg 300w, https:\/\/colegiofemar.cl\/web\/wp-content\/uploads\/2022\/03\/Norma-150x150.jpg 150w\" sizes=\"(max-width: 500px) 100vw, 500px\" \/>                         <\/div>\n          <\/div><!-- box-image -->\n         \n          <div class=\"box-text text-center\" >\n                <div class=\"box-text-inner\">\n                  <h4 class=\"uppercase\">\n                    <span class=\"person-name\">Norma Pizarro orquera<\/span><br\/>\n                    <span class=\"person-title is-small thin-font op-7\">\n                      DOCENTE TUTOR 4\u00b0 B\u00c1SICO                    <\/span>\n                  <\/h4>\n                 <div class=\"social-icons follow-icons \" ><a href=\"mailto:npizarro@colegiofemar.cl\" data-label=\"E-mail\"  rel=\"nofollow\" class=\"icon button circle is-outline  email tooltip\" title=\"Env\u00edanos un email\"><i class=\"icon-envelop\" ><\/i><\/a><\/div>                 \n                <\/div><!-- box-text-inner -->\n          <\/div><!-- box-text -->\n    <\/div><!-- .box  -->\n\n    \n    \n<\/div><\/div>\n<\/div>\n<div class=\"row\"  id=\"row-1025948740\">\n<div class=\"col medium-3 small-6 large-3\"  ><div class=\"col-inner\"  >\n    <div class=\"box has-hover has-hover box-text-bottom\" >\n\n                  <div class=\"box-image \" style=\"width:90%;\">\n           <div class=\"box-image-inner image-cover\" style=\"border-radius:100%;padding-top:100%;\">\n              <img width=\"500\" height=\"500\" src=\"https:\/\/colegiofemar.cl\/web\/wp-content\/uploads\/2022\/03\/PamelaAliaga.jpg\" class=\"attachment- size-\" alt=\"\" decoding=\"async\" loading=\"lazy\" srcset=\"https:\/\/colegiofemar.cl\/web\/wp-content\/uploads\/2022\/03\/PamelaAliaga.jpg 500w, https:\/\/colegiofemar.cl\/web\/wp-content\/uploads\/2022\/03\/PamelaAliaga-300x300.jpg 300w, https:\/\/colegiofemar.cl\/web\/wp-content\/uploads\/2022\/03\/PamelaAliaga-150x150.jpg 150w\" sizes=\"(max-width: 500px) 100vw, 500px\" \/>                         <\/div>\n          <\/div><!-- box-image -->\n         \n          <div class=\"box-text text-center\" >\n                <div class=\"box-text-inner\">\n                  <h4 class=\"uppercase\">\n                    <span class=\"person-name\">Pamela Aliaga Rojas<\/span><br\/>\n                    <span class=\"person-title is-small thin-font op-7\">\n                      Docente Educaci\u00f3n Musical                    <\/span>\n                  <\/h4>\n                 <div class=\"social-icons follow-icons \" ><a href=\"mailto:paliaga@colegiofemar.cl\" data-label=\"E-mail\"  rel=\"nofollow\" class=\"icon button circle is-outline  email tooltip\" title=\"Env\u00edanos un email\"><i class=\"icon-envelop\" ><\/i><\/a><\/div>                 \n                <\/div><!-- box-text-inner -->\n          <\/div><!-- box-text -->\n    <\/div><!-- .box  -->\n\n    \n    \n<\/div><\/div>\n<div class=\"col medium-3 small-6 large-3\"  ><div class=\"col-inner\"  >\n    <div class=\"box has-hover has-hover box-text-bottom\" >\n\n                  <div class=\"box-image \" style=\"width:90%;\">\n           <div class=\"box-image-inner image-cover\" style=\"border-radius:100%;padding-top:100%;\">\n              <img width=\"1684\" height=\"2528\" src=\"https:\/\/colegiofemar.cl\/web\/wp-content\/uploads\/2026\/03\/Gemini_Generated_Image_79x8dt79x8dt79x8.png\" class=\"attachment- size-\" alt=\"\" decoding=\"async\" loading=\"lazy\" srcset=\"https:\/\/colegiofemar.cl\/web\/wp-content\/uploads\/2026\/03\/Gemini_Generated_Image_79x8dt79x8dt79x8.png 1684w, https:\/\/colegiofemar.cl\/web\/wp-content\/uploads\/2026\/03\/Gemini_Generated_Image_79x8dt79x8dt79x8-200x300.png 200w, https:\/\/colegiofemar.cl\/web\/wp-content\/uploads\/2026\/03\/Gemini_Generated_Image_79x8dt79x8dt79x8-682x1024.png 682w, https:\/\/colegiofemar.cl\/web\/wp-content\/uploads\/2026\/03\/Gemini_Generated_Image_79x8dt79x8dt79x8-768x1153.png 768w, https:\/\/colegiofemar.cl\/web\/wp-content\/uploads\/2026\/03\/Gemini_Generated_Image_79x8dt79x8dt79x8-1023x1536.png 1023w, https:\/\/colegiofemar.cl\/web\/wp-content\/uploads\/2026\/03\/Gemini_Generated_Image_79x8dt79x8dt79x8-1364x2048.png 1364w\" sizes=\"(max-width: 1684px) 100vw, 1684px\" \/>                         <\/div>\n          <\/div><!-- box-image -->\n         \n          <div class=\"box-text text-center\" >\n                <div class=\"box-text-inner\">\n                  <h4 class=\"uppercase\">\n                    <span class=\"person-name\">Jisleyn Borcoski Mu\u00f1oz<\/span><br\/>\n                    <span class=\"person-title is-small thin-font op-7\">\n                      DOCENTE DE MATEM\u00c1TICA                    <\/span>\n                  <\/h4>\n                 <div class=\"social-icons follow-icons \" ><a href=\"mailto:jborcoski@colegiofemar\" data-label=\"E-mail\"  rel=\"nofollow\" class=\"icon button circle is-outline  email tooltip\" title=\"Env\u00edanos un email\"><i class=\"icon-envelop\" ><\/i><\/a><\/div>                 \n                <\/div><!-- box-text-inner -->\n          <\/div><!-- box-text -->\n    <\/div><!-- .box  -->\n\n    \n    \n<\/div><\/div>\n<div class=\"col medium-3 small-6 large-3\"  ><div class=\"col-inner\"  >\n    <div class=\"box has-hover has-hover box-text-bottom\" >\n\n                  <div class=\"box-image \" style=\"width:90%;\">\n           <div class=\"box-image-inner image-cover\" style=\"border-radius:100%;padding-top:100%;\">\n              <img width=\"909\" height=\"1024\" src=\"https:\/\/colegiofemar.cl\/web\/wp-content\/uploads\/2021\/05\/ANDREA-VEGA-DOCENTE-909x1024-1.jpg\" class=\"attachment- size-\" alt=\"\" decoding=\"async\" loading=\"lazy\" srcset=\"https:\/\/colegiofemar.cl\/web\/wp-content\/uploads\/2021\/05\/ANDREA-VEGA-DOCENTE-909x1024-1.jpg 909w, https:\/\/colegiofemar.cl\/web\/wp-content\/uploads\/2021\/05\/ANDREA-VEGA-DOCENTE-909x1024-1-266x300.jpg 266w, https:\/\/colegiofemar.cl\/web\/wp-content\/uploads\/2021\/05\/ANDREA-VEGA-DOCENTE-909x1024-1-768x865.jpg 768w\" sizes=\"(max-width: 909px) 100vw, 909px\" \/>                         <\/div>\n          <\/div><!-- box-image -->\n         \n          <div class=\"box-text text-center\" >\n                <div class=\"box-text-inner\">\n                  <h4 class=\"uppercase\">\n                    <span class=\"person-name\">Andrea Vega Tobar<\/span><br\/>\n                    <span class=\"person-title is-small thin-font op-7\">\n                      DOCENTE TUTOR 5\u00b0 B\u00c1SICO (LENGUAJE)                    <\/span>\n                  <\/h4>\n                 <div class=\"social-icons follow-icons \" ><a href=\"mailto:avega@colegiofemar.cl\" data-label=\"E-mail\"  rel=\"nofollow\" class=\"icon button circle is-outline  email tooltip\" title=\"Env\u00edanos un email\"><i class=\"icon-envelop\" ><\/i><\/a><\/div>                 \n                <\/div><!-- box-text-inner -->\n          <\/div><!-- box-text -->\n    <\/div><!-- .box  -->\n\n    \n    \n<\/div><\/div>\n<div class=\"col medium-3 small-6 large-3\"  ><div class=\"col-inner\"  >\n    <div class=\"box has-hover has-hover box-text-bottom\" >\n\n                  <div class=\"box-image \" style=\"width:90%;\">\n           <div class=\"box-image-inner image-cover\" style=\"border-radius:100%;padding-top:100%;\">\n              <img width=\"932\" height=\"1024\" src=\"https:\/\/colegiofemar.cl\/web\/wp-content\/uploads\/2021\/05\/JOHANNA-VILLANUEVA-DOCENTE-932x1024-1.jpg\" class=\"attachment- size-\" alt=\"\" decoding=\"async\" loading=\"lazy\" srcset=\"https:\/\/colegiofemar.cl\/web\/wp-content\/uploads\/2021\/05\/JOHANNA-VILLANUEVA-DOCENTE-932x1024-1.jpg 932w, https:\/\/colegiofemar.cl\/web\/wp-content\/uploads\/2021\/05\/JOHANNA-VILLANUEVA-DOCENTE-932x1024-1-273x300.jpg 273w, https:\/\/colegiofemar.cl\/web\/wp-content\/uploads\/2021\/05\/JOHANNA-VILLANUEVA-DOCENTE-932x1024-1-768x844.jpg 768w\" sizes=\"(max-width: 932px) 100vw, 932px\" \/>                         <\/div>\n          <\/div><!-- box-image -->\n         \n          <div class=\"box-text text-center\" >\n                <div class=\"box-text-inner\">\n                  <h4 class=\"uppercase\">\n                    <span class=\"person-name\">Johanna Villanueva Recabarren<\/span><br\/>\n                    <span class=\"person-title is-small thin-font op-7\">\n                      DOCENTE DE INGL\u00c9S                    <\/span>\n                  <\/h4>\n                 <div class=\"social-icons follow-icons \" ><a href=\"mailto:jvillanueva@colegiofemar.cl\" data-label=\"E-mail\"  rel=\"nofollow\" class=\"icon button circle is-outline  email tooltip\" title=\"Env\u00edanos un email\"><i class=\"icon-envelop\" ><\/i><\/a><\/div>                 \n                <\/div><!-- box-text-inner -->\n          <\/div><!-- box-text -->\n    <\/div><!-- .box  -->\n\n    \n    \n<\/div><\/div>\n<\/div>\n<div class=\"row\"  id=\"row-1839759280\">\n<div class=\"col medium-3 small-6 large-3\"  ><div class=\"col-inner\"  >\n    <div class=\"box has-hover has-hover box-text-bottom\" >\n\n                  <div class=\"box-image \" style=\"width:90%;\">\n           <div class=\"box-image-inner image-cover\" style=\"border-radius:100%;padding-top:100%;\">\n              <img width=\"500\" height=\"500\" src=\"https:\/\/colegiofemar.cl\/web\/wp-content\/uploads\/2022\/03\/Susana.jpg\" class=\"attachment- size-\" alt=\"\" decoding=\"async\" loading=\"lazy\" srcset=\"https:\/\/colegiofemar.cl\/web\/wp-content\/uploads\/2022\/03\/Susana.jpg 500w, https:\/\/colegiofemar.cl\/web\/wp-content\/uploads\/2022\/03\/Susana-300x300.jpg 300w, https:\/\/colegiofemar.cl\/web\/wp-content\/uploads\/2022\/03\/Susana-150x150.jpg 150w\" sizes=\"(max-width: 500px) 100vw, 500px\" \/>                         <\/div>\n          <\/div><!-- box-image -->\n         \n          <div class=\"box-text text-center\" >\n                <div class=\"box-text-inner\">\n                  <h4 class=\"uppercase\">\n                    <span class=\"person-name\">Susana L\u00f3pez Castillo<\/span><br\/>\n                    <span class=\"person-title is-small thin-font op-7\">\n                      DOCENTE TUTOR III\u00b0 MEDIO (RELIGI\u00d3N)                    <\/span>\n                  <\/h4>\n                 <div class=\"social-icons follow-icons \" ><a href=\"mailto:slopez@colegiofemar.cl\" data-label=\"E-mail\"  rel=\"nofollow\" class=\"icon button circle is-outline  email tooltip\" title=\"Env\u00edanos un email\"><i class=\"icon-envelop\" ><\/i><\/a><\/div>                 \n                <\/div><!-- box-text-inner -->\n          <\/div><!-- box-text -->\n    <\/div><!-- .box  -->\n\n    \n    \n<\/div><\/div>\n<div class=\"col medium-3 small-6 large-3\"  ><div class=\"col-inner\"  >\n    <div class=\"box has-hover has-hover box-text-bottom\" >\n\n                  <div class=\"box-image \" style=\"width:90%;\">\n           <div class=\"box-image-inner image-cover\" style=\"border-radius:100%;padding-top:100%;\">\n              <img width=\"500\" height=\"500\" src=\"https:\/\/colegiofemar.cl\/web\/wp-content\/uploads\/2022\/03\/PatricioLewis.jpg\" class=\"attachment- size-\" alt=\"\" decoding=\"async\" loading=\"lazy\" srcset=\"https:\/\/colegiofemar.cl\/web\/wp-content\/uploads\/2022\/03\/PatricioLewis.jpg 500w, https:\/\/colegiofemar.cl\/web\/wp-content\/uploads\/2022\/03\/PatricioLewis-300x300.jpg 300w, https:\/\/colegiofemar.cl\/web\/wp-content\/uploads\/2022\/03\/PatricioLewis-150x150.jpg 150w\" sizes=\"(max-width: 500px) 100vw, 500px\" \/>                         <\/div>\n          <\/div><!-- box-image -->\n         \n          <div class=\"box-text text-center\" >\n                <div class=\"box-text-inner\">\n                  <h4 class=\"uppercase\">\n                    <span class=\"person-name\">Patricio Lewis Urtubia<\/span><br\/>\n                    <span class=\"person-title is-small thin-font op-7\">\n                      DOCENTE DE FILOSOF\u00cdA                    <\/span>\n                  <\/h4>\n                 <div class=\"social-icons follow-icons \" ><a href=\"mailto:plewis@colegiofemar.cl\" data-label=\"E-mail\"  rel=\"nofollow\" class=\"icon button circle is-outline  email tooltip\" title=\"Env\u00edanos un email\"><i class=\"icon-envelop\" ><\/i><\/a><\/div>                 \n                <\/div><!-- box-text-inner -->\n          <\/div><!-- box-text -->\n    <\/div><!-- .box  -->\n\n    \n    \n<\/div><\/div>\n<div class=\"col medium-3 small-6 large-3\"  ><div class=\"col-inner\"  >\n    <div class=\"box has-hover has-hover box-text-bottom\" >\n\n                  <div class=\"box-image \" style=\"width:90%;\">\n           <div class=\"box-image-inner image-cover\" style=\"border-radius:100%;padding-top:100%;\">\n              <img width=\"294\" height=\"308\" src=\"https:\/\/colegiofemar.cl\/web\/wp-content\/uploads\/2024\/05\/3-Hna_Gloria-Godoy.jpg\" class=\"attachment- size-\" alt=\"\" decoding=\"async\" loading=\"lazy\" srcset=\"https:\/\/colegiofemar.cl\/web\/wp-content\/uploads\/2024\/05\/3-Hna_Gloria-Godoy.jpg 294w, https:\/\/colegiofemar.cl\/web\/wp-content\/uploads\/2024\/05\/3-Hna_Gloria-Godoy-286x300.jpg 286w\" sizes=\"(max-width: 294px) 100vw, 294px\" \/>                         <\/div>\n          <\/div><!-- box-image -->\n         \n          <div class=\"box-text text-center\" >\n                <div class=\"box-text-inner\">\n                  <h4 class=\"uppercase\">\n                    <span class=\"person-name\">Hna. Gloria Godoy Moro<\/span><br\/>\n                    <span class=\"person-title is-small thin-font op-7\">\n                      DOCENTE TUTOR IV\u00b0 MEDIO (COORDINADORA DE PASTORAL)                    <\/span>\n                  <\/h4>\n                 <div class=\"social-icons follow-icons \" ><a href=\"mailto:ggodoy@colegiofemar.cl\" data-label=\"E-mail\"  rel=\"nofollow\" class=\"icon button circle is-outline  email tooltip\" title=\"Env\u00edanos un email\"><i class=\"icon-envelop\" ><\/i><\/a><\/div>                 \n                <\/div><!-- box-text-inner -->\n          <\/div><!-- box-text -->\n    <\/div><!-- .box  -->\n\n    \n    \n<\/div><\/div>\n<div class=\"col medium-3 small-6 large-3\"  ><div class=\"col-inner\"  >\n    <div class=\"box has-hover has-hover box-text-bottom\" >\n\n                  <div class=\"box-image \" style=\"width:90%;\">\n           <div class=\"box-image-inner image-cover\" style=\"border-radius:100%;padding-top:100%;\">\n              <img width=\"944\" height=\"768\" src=\"https:\/\/colegiofemar.cl\/web\/wp-content\/uploads\/2021\/11\/PHOTO-2021-11-15-12-55-47.jpg\" class=\"attachment- size-\" alt=\"\" decoding=\"async\" loading=\"lazy\" srcset=\"https:\/\/colegiofemar.cl\/web\/wp-content\/uploads\/2021\/11\/PHOTO-2021-11-15-12-55-47.jpg 944w, https:\/\/colegiofemar.cl\/web\/wp-content\/uploads\/2021\/11\/PHOTO-2021-11-15-12-55-47-300x244.jpg 300w, https:\/\/colegiofemar.cl\/web\/wp-content\/uploads\/2021\/11\/PHOTO-2021-11-15-12-55-47-768x625.jpg 768w\" sizes=\"(max-width: 944px) 100vw, 944px\" \/>                         <\/div>\n          <\/div><!-- box-image -->\n         \n          <div class=\"box-text text-center\" >\n                <div class=\"box-text-inner\">\n                  <h4 class=\"uppercase\">\n                    <span class=\"person-name\">Ana Aguirre Espinoza<\/span><br\/>\n                    <span class=\"person-title is-small thin-font op-7\">\n                      Docente general B\u00e1sica                    <\/span>\n                  <\/h4>\n                 <div class=\"social-icons follow-icons \" ><a href=\"mailto:aaguirre@colegiofemar.cl\" data-label=\"E-mail\"  rel=\"nofollow\" class=\"icon button circle is-outline  email tooltip\" title=\"Env\u00edanos un email\"><i class=\"icon-envelop\" ><\/i><\/a><\/div>                 \n                <\/div><!-- box-text-inner -->\n          <\/div><!-- box-text -->\n    <\/div><!-- .box  -->\n\n    \n    \n<\/div><\/div>\n<\/div>\n<div class=\"row\"  id=\"row-1031987284\">\n<div class=\"col medium-3 small-6 large-3\"  ><div class=\"col-inner\"  >\n    <div class=\"box has-hover has-hover box-text-bottom\" >\n\n                  <div class=\"box-image \" style=\"width:90%;\">\n           <div class=\"box-image-inner image-cover\" style=\"border-radius:100%;padding-top:100%;\">\n              <img width=\"1002\" height=\"1074\" src=\"https:\/\/colegiofemar.cl\/web\/wp-content\/uploads\/2024\/03\/Captura-de-pantalla-2024-03-27-a-las-15.43.13.png\" class=\"attachment- size-\" alt=\"\" decoding=\"async\" loading=\"lazy\" srcset=\"https:\/\/colegiofemar.cl\/web\/wp-content\/uploads\/2024\/03\/Captura-de-pantalla-2024-03-27-a-las-15.43.13.png 1002w, https:\/\/colegiofemar.cl\/web\/wp-content\/uploads\/2024\/03\/Captura-de-pantalla-2024-03-27-a-las-15.43.13-280x300.png 280w, https:\/\/colegiofemar.cl\/web\/wp-content\/uploads\/2024\/03\/Captura-de-pantalla-2024-03-27-a-las-15.43.13-955x1024.png 955w, https:\/\/colegiofemar.cl\/web\/wp-content\/uploads\/2024\/03\/Captura-de-pantalla-2024-03-27-a-las-15.43.13-768x823.png 768w\" sizes=\"(max-width: 1002px) 100vw, 1002px\" \/>                         <\/div>\n          <\/div><!-- box-image -->\n         \n          <div class=\"box-text text-center\" >\n                <div class=\"box-text-inner\">\n                  <h4 class=\"uppercase\">\n                    <span class=\"person-name\">Milena Borbar\u00e1n Rojas<\/span><br\/>\n                    <span class=\"person-title is-small thin-font op-7\">\n                      DOCENTE TUTOR 8\u00b0 B\u00c1SICO (LENGUAJE Y LITERATURA)                    <\/span>\n                  <\/h4>\n                 <div class=\"social-icons follow-icons \" ><a href=\"mailto:mirojas@colegiofemar.cl\" data-label=\"E-mail\"  rel=\"nofollow\" class=\"icon button circle is-outline  email tooltip\" title=\"Env\u00edanos un email\"><i class=\"icon-envelop\" ><\/i><\/a><\/div>                 \n                <\/div><!-- box-text-inner -->\n          <\/div><!-- box-text -->\n    <\/div><!-- .box  -->\n\n    \n    \n<\/div><\/div>\n<div class=\"col medium-3 small-6 large-3\"  ><div class=\"col-inner\"  >\n    <div class=\"box has-hover has-hover box-text-bottom\" >\n\n                  <div class=\"box-image \" style=\"width:90%;\">\n           <div class=\"box-image-inner image-cover\" style=\"border-radius:100%;padding-top:100%;\">\n              <img width=\"500\" height=\"500\" src=\"https:\/\/colegiofemar.cl\/web\/wp-content\/uploads\/2022\/03\/JuanCarlosLeiva.jpg\" class=\"attachment- size-\" alt=\"\" decoding=\"async\" loading=\"lazy\" srcset=\"https:\/\/colegiofemar.cl\/web\/wp-content\/uploads\/2022\/03\/JuanCarlosLeiva.jpg 500w, https:\/\/colegiofemar.cl\/web\/wp-content\/uploads\/2022\/03\/JuanCarlosLeiva-300x300.jpg 300w, https:\/\/colegiofemar.cl\/web\/wp-content\/uploads\/2022\/03\/JuanCarlosLeiva-150x150.jpg 150w\" sizes=\"(max-width: 500px) 100vw, 500px\" \/>                         <\/div>\n          <\/div><!-- box-image -->\n         \n          <div class=\"box-text text-center\" >\n                <div class=\"box-text-inner\">\n                  <h4 class=\"uppercase\">\n                    <span class=\"person-name\">Juan carlos leiva Carvajal<\/span><br\/>\n                    <span class=\"person-title is-small thin-font op-7\">\n                      DOCENTE DE  CIENCIA NATURALES Y BIOLOG\u00cdA                    <\/span>\n                  <\/h4>\n                 <div class=\"social-icons follow-icons \" ><a href=\"mailto:jleiva@colegiofemar.cl\" data-label=\"E-mail\"  rel=\"nofollow\" class=\"icon button circle is-outline  email tooltip\" title=\"Env\u00edanos un email\"><i class=\"icon-envelop\" ><\/i><\/a><\/div>                 \n                <\/div><!-- box-text-inner -->\n          <\/div><!-- box-text -->\n    <\/div><!-- .box  -->\n\n    \n    \n<\/div><\/div>\n<div class=\"col medium-3 small-6 large-3\"  ><div class=\"col-inner\"  >\n    <div class=\"box has-hover has-hover box-text-bottom\" >\n\n                  <div class=\"box-image \" style=\"width:90%;\">\n           <div class=\"box-image-inner image-cover\" style=\"border-radius:100%;padding-top:100%;\">\n              <img width=\"500\" height=\"500\" src=\"https:\/\/colegiofemar.cl\/web\/wp-content\/uploads\/2022\/03\/LilianaSanchez.jpg\" class=\"attachment- size-\" alt=\"\" decoding=\"async\" loading=\"lazy\" srcset=\"https:\/\/colegiofemar.cl\/web\/wp-content\/uploads\/2022\/03\/LilianaSanchez.jpg 500w, https:\/\/colegiofemar.cl\/web\/wp-content\/uploads\/2022\/03\/LilianaSanchez-300x300.jpg 300w, https:\/\/colegiofemar.cl\/web\/wp-content\/uploads\/2022\/03\/LilianaSanchez-150x150.jpg 150w\" sizes=\"(max-width: 500px) 100vw, 500px\" \/>                         <\/div>\n          <\/div><!-- box-image -->\n         \n          <div class=\"box-text text-center\" >\n                <div class=\"box-text-inner\">\n                  <h4 class=\"uppercase\">\n                    <span class=\"person-name\">Liliana Sanchez salas<\/span><br\/>\n                    <span class=\"person-title is-small thin-font op-7\">\n                      DOCENTE TUTOR 7\u00b0 B\u00c1SICO (F\u00cdSICA Y QU\u00cdMICA)                    <\/span>\n                  <\/h4>\n                 <div class=\"social-icons follow-icons \" ><a href=\"mailto:lisanchez@colegiofemar.cl\" data-label=\"E-mail\"  rel=\"nofollow\" class=\"icon button circle is-outline  email tooltip\" title=\"Env\u00edanos un email\"><i class=\"icon-envelop\" ><\/i><\/a><\/div>                 \n                <\/div><!-- box-text-inner -->\n          <\/div><!-- box-text -->\n    <\/div><!-- .box  -->\n\n    \n    \n<\/div><\/div>\n<div class=\"col medium-3 small-6 large-3\"  ><div class=\"col-inner\"  >\n    <div class=\"box has-hover has-hover box-text-bottom\" >\n\n                  <div class=\"box-image \" style=\"width:90%;\">\n           <div class=\"box-image-inner image-cover\" style=\"border-radius:100%;padding-top:100%;\">\n              <img width=\"3214\" height=\"3720\" src=\"https:\/\/colegiofemar.cl\/web\/wp-content\/uploads\/2024\/03\/IMG_5613-rotated-e1747339807666.jpg\" class=\"attachment- size-\" alt=\"\" decoding=\"async\" loading=\"lazy\" srcset=\"https:\/\/colegiofemar.cl\/web\/wp-content\/uploads\/2024\/03\/IMG_5613-rotated-e1747339807666.jpg 3214w, https:\/\/colegiofemar.cl\/web\/wp-content\/uploads\/2024\/03\/IMG_5613-rotated-e1747339807666-259x300.jpg 259w, https:\/\/colegiofemar.cl\/web\/wp-content\/uploads\/2024\/03\/IMG_5613-rotated-e1747339807666-885x1024.jpg 885w, https:\/\/colegiofemar.cl\/web\/wp-content\/uploads\/2024\/03\/IMG_5613-rotated-e1747339807666-768x889.jpg 768w, https:\/\/colegiofemar.cl\/web\/wp-content\/uploads\/2024\/03\/IMG_5613-rotated-e1747339807666-1327x1536.jpg 1327w, https:\/\/colegiofemar.cl\/web\/wp-content\/uploads\/2024\/03\/IMG_5613-rotated-e1747339807666-1769x2048.jpg 1769w\" sizes=\"(max-width: 3214px) 100vw, 3214px\" \/>                         <\/div>\n          <\/div><!-- box-image -->\n         \n          <div class=\"box-text text-center\" >\n                <div class=\"box-text-inner\">\n                  <h4 class=\"uppercase\">\n                    <span class=\"person-name\">Killian Soza Orellana<\/span><br\/>\n                    <span class=\"person-title is-small thin-font op-7\">\n                      DOCENTE TUTOR I\u00b0 MEDIO (MATEM\u00c1TICA)                    <\/span>\n                  <\/h4>\n                 <div class=\"social-icons follow-icons \" ><a href=\"mailto:ksoza@colegiofemar.cl\" data-label=\"E-mail\"  rel=\"nofollow\" class=\"icon button circle is-outline  email tooltip\" title=\"Env\u00edanos un email\"><i class=\"icon-envelop\" ><\/i><\/a><\/div>                 \n                <\/div><!-- box-text-inner -->\n          <\/div><!-- box-text -->\n    <\/div><!-- .box  -->\n\n    \n    \n<\/div><\/div>\n<\/div>\n<div class=\"row\"  id=\"row-991637755\">\n<div class=\"col medium-3 small-6 large-3\"  ><div class=\"col-inner\"  >\n    <div class=\"box has-hover has-hover box-text-bottom\" >\n\n                  <div class=\"box-image \" style=\"width:90%;\">\n           <div class=\"box-image-inner image-cover\" style=\"border-radius:100%;padding-top:100%;\">\n              <img width=\"3456\" height=\"5184\" src=\"https:\/\/colegiofemar.cl\/web\/wp-content\/uploads\/2026\/03\/IMG_6904-rotated.jpg\" class=\"attachment- size-\" alt=\"\" decoding=\"async\" loading=\"lazy\" srcset=\"https:\/\/colegiofemar.cl\/web\/wp-content\/uploads\/2026\/03\/IMG_6904-rotated.jpg 3456w, https:\/\/colegiofemar.cl\/web\/wp-content\/uploads\/2026\/03\/IMG_6904-200x300.jpg 200w, https:\/\/colegiofemar.cl\/web\/wp-content\/uploads\/2026\/03\/IMG_6904-683x1024.jpg 683w, https:\/\/colegiofemar.cl\/web\/wp-content\/uploads\/2026\/03\/IMG_6904-768x1152.jpg 768w, https:\/\/colegiofemar.cl\/web\/wp-content\/uploads\/2026\/03\/IMG_6904-1024x1536.jpg 1024w, https:\/\/colegiofemar.cl\/web\/wp-content\/uploads\/2026\/03\/IMG_6904-1365x2048.jpg 1365w\" sizes=\"(max-width: 3456px) 100vw, 3456px\" \/>                         <\/div>\n          <\/div><!-- box-image -->\n         \n          <div class=\"box-text text-center\" >\n                <div class=\"box-text-inner\">\n                  <h4 class=\"uppercase\">\n                    <span class=\"person-name\">Ariel Aracena Robledo<\/span><br\/>\n                    <span class=\"person-title is-small thin-font op-7\">\n                      DOCENTE DE ARTES VISUALES Y TECNOLOG\u00cdA                    <\/span>\n                  <\/h4>\n                 <div class=\"social-icons follow-icons \" ><a href=\"mailto:aaracena@colegiofemar.cl\" data-label=\"E-mail\"  rel=\"nofollow\" class=\"icon button circle is-outline  email tooltip\" title=\"Env\u00edanos un email\"><i class=\"icon-envelop\" ><\/i><\/a><\/div>                 \n                <\/div><!-- box-text-inner -->\n          <\/div><!-- box-text -->\n    <\/div><!-- .box  -->\n\n    \n    \n<\/div><\/div>\n<div class=\"col medium-3 small-6 large-3\"  ><div class=\"col-inner\"  >\n    <div class=\"box has-hover has-hover box-text-bottom\" >\n\n                  <div class=\"box-image \" style=\"width:90%;\">\n           <div class=\"box-image-inner image-cover\" style=\"border-radius:100%;padding-top:100%;\">\n              <img width=\"3456\" height=\"5184\" src=\"https:\/\/colegiofemar.cl\/web\/wp-content\/uploads\/2026\/03\/IMG_6901-rotated.jpg\" class=\"attachment- size-\" alt=\"\" decoding=\"async\" loading=\"lazy\" srcset=\"https:\/\/colegiofemar.cl\/web\/wp-content\/uploads\/2026\/03\/IMG_6901-rotated.jpg 3456w, https:\/\/colegiofemar.cl\/web\/wp-content\/uploads\/2026\/03\/IMG_6901-200x300.jpg 200w, https:\/\/colegiofemar.cl\/web\/wp-content\/uploads\/2026\/03\/IMG_6901-683x1024.jpg 683w, https:\/\/colegiofemar.cl\/web\/wp-content\/uploads\/2026\/03\/IMG_6901-768x1152.jpg 768w, https:\/\/colegiofemar.cl\/web\/wp-content\/uploads\/2026\/03\/IMG_6901-1024x1536.jpg 1024w, https:\/\/colegiofemar.cl\/web\/wp-content\/uploads\/2026\/03\/IMG_6901-1365x2048.jpg 1365w\" sizes=\"(max-width: 3456px) 100vw, 3456px\" \/>                         <\/div>\n          <\/div><!-- box-image -->\n         \n          <div class=\"box-text text-center\" >\n                <div class=\"box-text-inner\">\n                  <h4 class=\"uppercase\">\n                    <span class=\"person-name\">Yelenna Gonzalez<\/span><br\/>\n                    <span class=\"person-title is-small thin-font op-7\">\n                      DOCENTE DE LENGUAJE Y COMUNICACI\u00d3N                    <\/span>\n                  <\/h4>\n                 <div class=\"social-icons follow-icons \" ><a href=\"mailto:ygonzalez@colegiofemar.cl\" data-label=\"E-mail\"  rel=\"nofollow\" class=\"icon button circle is-outline  email tooltip\" title=\"Env\u00edanos un email\"><i class=\"icon-envelop\" ><\/i><\/a><\/div>                 \n                <\/div><!-- box-text-inner -->\n          <\/div><!-- box-text -->\n    <\/div><!-- .box  -->\n\n    \n    \n<\/div><\/div>\n<div class=\"col medium-3 small-6 large-3\"  ><div class=\"col-inner\"  >\n    <div class=\"box has-hover has-hover box-text-bottom\" >\n\n                  <div class=\"box-image \" style=\"width:90%;\">\n           <div class=\"box-image-inner image-cover\" style=\"border-radius:100%;padding-top:100%;\">\n              <img width=\"986\" height=\"1256\" src=\"https:\/\/colegiofemar.cl\/web\/wp-content\/uploads\/2024\/03\/Captura-de-pantalla-2024-03-27-a-las-15.54.16.png\" class=\"attachment- size-\" alt=\"\" decoding=\"async\" loading=\"lazy\" srcset=\"https:\/\/colegiofemar.cl\/web\/wp-content\/uploads\/2024\/03\/Captura-de-pantalla-2024-03-27-a-las-15.54.16.png 986w, https:\/\/colegiofemar.cl\/web\/wp-content\/uploads\/2024\/03\/Captura-de-pantalla-2024-03-27-a-las-15.54.16-236x300.png 236w, https:\/\/colegiofemar.cl\/web\/wp-content\/uploads\/2024\/03\/Captura-de-pantalla-2024-03-27-a-las-15.54.16-804x1024.png 804w, https:\/\/colegiofemar.cl\/web\/wp-content\/uploads\/2024\/03\/Captura-de-pantalla-2024-03-27-a-las-15.54.16-768x978.png 768w\" sizes=\"(max-width: 986px) 100vw, 986px\" \/>                         <\/div>\n          <\/div><!-- box-image -->\n         \n          <div class=\"box-text text-center\" >\n                <div class=\"box-text-inner\">\n                  <h4 class=\"uppercase\">\n                    <span class=\"person-name\">Mitza Avenda\u00f1o Mu\u00f1oz<\/span><br\/>\n                    <span class=\"person-title is-small thin-font op-7\">\n                      DOCENTE TUTOR DE 6\u00b0 B\u00c1SICO (HISTORIA, GEOGRAF\u00cdA Y CS. SOCIALES)                    <\/span>\n                  <\/h4>\n                 <div class=\"social-icons follow-icons \" ><a href=\"mailto:mavendano@colegiofemar.cl\" data-label=\"E-mail\"  rel=\"nofollow\" class=\"icon button circle is-outline  email tooltip\" title=\"Env\u00edanos un email\"><i class=\"icon-envelop\" ><\/i><\/a><\/div>                 \n                <\/div><!-- box-text-inner -->\n          <\/div><!-- box-text -->\n    <\/div><!-- .box  -->\n\n    \n    \n<\/div><\/div>\n<div class=\"col medium-3 small-6 large-3\"  ><div class=\"col-inner\"  >\n    <div class=\"box has-hover has-hover box-text-bottom\" >\n\n                  <div class=\"box-image \" style=\"width:90%;\">\n           <div class=\"box-image-inner image-cover\" style=\"border-radius:100%;padding-top:100%;\">\n              <img width=\"3060\" height=\"4080\" src=\"https:\/\/colegiofemar.cl\/web\/wp-content\/uploads\/2025\/09\/20250926_120432-rotated.jpg\" class=\"attachment- size-\" alt=\"\" decoding=\"async\" loading=\"lazy\" srcset=\"https:\/\/colegiofemar.cl\/web\/wp-content\/uploads\/2025\/09\/20250926_120432-rotated.jpg 3060w, https:\/\/colegiofemar.cl\/web\/wp-content\/uploads\/2025\/09\/20250926_120432-225x300.jpg 225w, https:\/\/colegiofemar.cl\/web\/wp-content\/uploads\/2025\/09\/20250926_120432-768x1024.jpg 768w, https:\/\/colegiofemar.cl\/web\/wp-content\/uploads\/2025\/09\/20250926_120432-1152x1536.jpg 1152w, https:\/\/colegiofemar.cl\/web\/wp-content\/uploads\/2025\/09\/20250926_120432-1536x2048.jpg 1536w\" sizes=\"(max-width: 3060px) 100vw, 3060px\" \/>                         <\/div>\n          <\/div><!-- box-image -->\n         \n          <div class=\"box-text text-center\" >\n                <div class=\"box-text-inner\">\n                  <h4 class=\"uppercase\">\n                    <span class=\"person-name\">Jacqueline Sepulveda<\/span><br\/>\n                    <span class=\"person-title is-small thin-font op-7\">\n                      DOCENTE TUTOR II\u00b0 MEDIO ( HISTORIA )                    <\/span>\n                  <\/h4>\n                 <div class=\"social-icons follow-icons \" ><a href=\"mailto:jsepulveda@colegiofemar.cl\" data-label=\"E-mail\"  rel=\"nofollow\" class=\"icon button circle is-outline  email tooltip\" title=\"Env\u00edanos un email\"><i class=\"icon-envelop\" ><\/i><\/a><\/div>                 \n                <\/div><!-- box-text-inner -->\n          <\/div><!-- box-text -->\n    <\/div><!-- .box  -->\n\n    \n    \n<\/div><\/div>\n<\/div>\n\t\t<\/div><!-- .section-content -->\n\n\t\t\n<style scope=\"scope\">\n\n#section_1889966587 {\n  padding-top: 30px;\n  padding-bottom: 30px;\n}\n<\/style>\n\t<\/section>\n\t\n","protected":false},"excerpt":{"rendered":"","protected":false},"author":1,"featured_media":0,"parent":0,"menu_order":0,"comment_status":"closed","ping_status":"closed","template":"page-blank.php","meta":[],"_links":{"self":[{"href":"https:\/\/colegiofemar.cl\/web\/wp-json\/wp\/v2\/pages\/80"}],"collection":[{"href":"https:\/\/colegiofemar.cl\/web\/wp-json\/wp\/v2\/pages"}],"about":[{"href":"https:\/\/colegiofemar.cl\/web\/wp-json\/wp\/v2\/types\/page"}],"author":[{"embeddable":true,"href":"https:\/\/colegiofemar.cl\/web\/wp-json\/wp\/v2\/users\/1"}],"replies":[{"embeddable":true,"href":"https:\/\/colegiofemar.cl\/web\/wp-json\/wp\/v2\/comments?post=80"}],"version-history":[{"count":82,"href":"https:\/\/colegiofemar.cl\/web\/wp-json\/wp\/v2\/pages\/80\/revisions"}],"predecessor-version":[{"id":4189,"href":"https:\/\/colegiofemar.cl\/web\/wp-json\/wp\/v2\/pages\/80\/revisions\/4189"}],"wp:attachment":[{"href":"https:\/\/colegiofemar.cl\/web\/wp-json\/wp\/v2\/media?parent=80"}],"curies":[{"name":"wp","href":"https:\/\/api.w.org\/{rel}","templated":true}]}}